{"id":322,"date":"2025-10-24T18:53:00","date_gmt":"2025-10-24T18:53:00","guid":{"rendered":"https:\/\/soe.snaponequipment.com\/careers\/"},"modified":"2025-11-03T19:37:39","modified_gmt":"2025-11-03T19:37:39","slug":"karrierek","status":"publish","type":"page","link":"https:\/\/soe.snaponequipment.com\/hu\/karrierek\/","title":{"rendered":"Careers"},"content":{"rendered":"\n<div class=\"wp-block-group content-inner1200\"><div class=\"wp-block-group__inner-container is-layout-constrained wp-block-group-is-layout-constrained\">\n<h1 class=\"wp-block-heading h1line\">Karrierek<\/h1>\n\n\n\n<p>Az emberek a Snap-on Equipmentet term\u00e9keink min\u0151s\u00e9g\u00e9r\u0151l ismerik, mi pedig tudjuk, hogy munkat\u00e1rsaink szenved\u00e9lye \u00e9s szem\u00e9lyis\u00e9ge teszi v\u00e1llalatunkat glob\u00e1lis vezet\u0151 szerepet bet\u00f6lt\u0151 c\u00e9gg\u00e9. Mindig \u00faj csapattagokat keres\u00fcnk &#8211; olyan jel\u00f6lteket, akik p\u00e9ld\u00e1t mutatnak arr\u00f3l, hogy kik vagyunk. B\u00fcszkes\u00e9ggel, becs\u00fclettel \u00e9s pozit\u00edv hozz\u00e1\u00e1ll\u00e1ssal v\u00e9gezz\u00fck a munk\u00e1nkat. Megb\u00edzhat\u00f3ak \u00e9s tisztelettud\u00f3ak vagyunk, szorosan egy\u00fcttm\u0171k\u00f6d\u00fcnk \u00e9s v\u00e1gyunk a tanul\u00e1sra, a fejl\u0151d\u00e9sre \u00e9s a sikerre. Sokoldal\u00fa tehets\u00e9geinkkel \u00e9s a Snap-on Equipment m\u00e1rkacsal\u00e1dra val\u00f3 b\u00fcszkes\u00e9g\u00fcnkkel az innov\u00e1ci\u00f3 \u00e9s az \u00e9rt\u00e9kteremt\u00e9s motorjai vagyunk. Egy\u00fctt fejl\u0151d\u00fcnk. Egy\u00fctt sikeresek vagyunk. \u00c9s egy\u00fctt alkotjuk a Snap-on csapatot.<\/p>\n\n\n\n<h2 class=\"wp-block-heading\">SIKERT\u00d6RT\u00c9NETEK<\/h2>\n\n\n\n<div class=\"wp-block-group portfolio-iteml\"><div class=\"wp-block-group__inner-container is-layout-constrained wp-block-group-is-layout-constrained\">\n<div class=\"wp-block-group portfolio-imagel\"><div class=\"wp-block-group__inner-container is-layout-constrained wp-block-group-is-layout-constrained\">\n<figure class=\"wp-block-image size-full img100\"><img loading=\"lazy\" decoding=\"async\" width=\"315\" height=\"400\" src=\"https:\/\/soe.snaponequipment.com\/wp-content\/uploads\/anny.jpg\" alt=\"\" class=\"wp-image-203\"\/><\/figure>\n<\/div><\/div>\n\n\n\n<div class=\"wp-block-group portfolio-descl\"><div class=\"wp-block-group__inner-container is-layout-constrained wp-block-group-is-layout-constrained\">\n<p style=\"font-size:25px\"><strong>Tervez\u0151m\u00e9rn\u00f6k<\/strong><\/p>\n\n\n\n<p>Amikor k\u00f6zel egy \u00e9vtizeddel ezel\u0151tt csatlakoztam a Snap-on csapat\u00e1hoz, el sem tudtam k\u00e9pzelni, hogy milyen hihetetlen utaz\u00e1s \u00e1ll el\u0151ttem. Az elm\u00falt \u00e9vek sor\u00e1n abban a kiv\u00e1lts\u00e1gban volt r\u00e9szem, hogy Braz\u00edli\u00e1ban, Olaszorsz\u00e1gban \u00e9s Sv\u00e9dorsz\u00e1gban a vil\u00e1g k\u00fcl\u00f6nb\u00f6z\u0151 sarkaib\u00f3l sz\u00e1rmaz\u00f3 fantasztikus emberekkel dolgozhattam egy\u00fctt, gazdag\u00edtva mind a mag\u00e1n-, mind a szakmai \u00e9letemet. Most az Egyes\u00fclt \u00c1llamokban \u00e9lek \u00e9s tov\u00e1bbra is elt\u00f6k\u00e9lten t\u00e1g\u00edtom a saj\u00e1t hat\u00e1raimat, a v\u00e1ltoz\u00e1s hajt\u00f3erejek\u00e9nt dolgozok \u00e9s tanulok, mert a Snap-on-n\u00e1l nem csak szemtan\u00fai, hanem akt\u00edv alak\u00edt\u00f3i is vagyunk a v\u00e1ltoz\u00e1snak.<\/p>\n\n\n\n<div style=\"height:1px\" aria-hidden=\"true\" class=\"wp-block-spacer\"><\/div>\n<\/div><\/div>\n<\/div><\/div>\n\n\n\n<div class=\"wp-block-group portfolio-itemr\"><div class=\"wp-block-group__inner-container is-layout-constrained wp-block-group-is-layout-constrained\">\n<div class=\"wp-block-group portfolio-imager\"><div class=\"wp-block-group__inner-container is-layout-constrained wp-block-group-is-layout-constrained\">\n<figure class=\"wp-block-image size-full img100\"><img loading=\"lazy\" decoding=\"async\" width=\"315\" height=\"401\" src=\"https:\/\/soe.snaponequipment.com\/wp-content\/uploads\/success-1r.jpg\" alt=\"\" class=\"wp-image-238\"\/><\/figure>\n<\/div><\/div>\n\n\n\n<div class=\"wp-block-group portfolio-descr\"><div class=\"wp-block-group__inner-container is-layout-constrained wp-block-group-is-layout-constrained\">\n<p style=\"font-size:25px\"><strong>SORVEZET\u0150<\/strong><\/p>\n\n\n\n<p>11 \u00e9ve dolgozom a Snap-on-n\u00e1l, \u00e9s jelenleg az ADAS \u00f6sszeszerel\u0151sor vezet\u0151je vagyok. Az \u00e9n felel\u0151ss\u00e9gem, hogy a term\u00e9keink \u00f6sszeszerel\u00e9se sim\u00e1n menjen, de \u00e9n v\u00e9gzem a v\u00e9gs\u0151 ellen\u0151rz\u00e9seket is, hogy biztos legyek benne: a vev\u0151ink min\u0151s\u00e9gi term\u00e9keket kapnak. A Snap-on-n\u00e1l val\u00f3 munkav\u00e9gz\u00e9sben a kedvencem a csal\u00e1dias l\u00e9gk\u00f6r, ahol egy\u00fctt \u00fcnnepelj\u00fck meg az eredm\u00e9nyeinket.<\/p>\n\n\n\n<p>Csapatom minden nap b\u00fcszke az \u00e1ltalunk gy\u00e1rtott berendez\u00e9sekre, tudva, hogy azokat vil\u00e1gszerte arra haszn\u00e1lj\u00e1k, hogy megjav\u00edtsanak vel\u00fck egy hib\u00e1s \u00e9rz\u00e9kel\u0151t vagy kamer\u00e1t, ez\u00e1ltal n\u00f6velve az utasok biztons\u00e1g\u00e1t. A j\u00f6v\u0151 izgalmas, most p\u00e9ld\u00e1ul \u00faj term\u00e9keket gy\u00e1rtunk a John Bean term\u00e9kcsal\u00e1dhoz.<\/p>\n\n\n\n<div style=\"height:1px\" aria-hidden=\"true\" class=\"wp-block-spacer\"><\/div>\n<\/div><\/div>\n<\/div><\/div>\n\n\n\n<div class=\"wp-block-group portfolio-iteml\"><div class=\"wp-block-group__inner-container is-layout-constrained wp-block-group-is-layout-constrained\">\n<div class=\"wp-block-group portfolio-imagel\"><div class=\"wp-block-group__inner-container is-layout-constrained wp-block-group-is-layout-constrained\">\n<figure class=\"wp-block-image size-full img100\"><img loading=\"lazy\" decoding=\"async\" width=\"315\" height=\"401\" src=\"https:\/\/soe.snaponequipment.com\/wp-content\/uploads\/success-3r.jpg\" alt=\"\" class=\"wp-image-244\"\/><\/figure>\n<\/div><\/div>\n\n\n\n<div class=\"wp-block-group portfolio-descl\"><div class=\"wp-block-group__inner-container is-layout-constrained wp-block-group-is-layout-constrained\">\n<p style=\"font-size:25px\"><strong>Marketingkommunik\u00e1ci\u00f3s Fel\u00fcgyel\u0151<\/strong><\/p>\n\n\n\n<p>J\u00f3 \u00e9rz\u00e9s egy olyan ipar\u00e1gban dolgozni, ami seg\u00edt mozg\u00e1sban tartani a vil\u00e1got. A Snap-on h\u00edrneve \u00e9s figyelemre m\u00e9lt\u00f3 t\u00f6rt\u00e9nelme csak n\u00f6veli a szenved\u00e9lyes elk\u00f6telezetts\u00e9gemet a szerepem ir\u00e1nt, hogy fenntartsuk \u00e9s meger\u0151s\u00edts\u00fck v\u00e1llalatunk \u00e9rt\u00e9k\u00e9t \u00e9s folyamatos hozz\u00e1j\u00e1rul\u00e1s\u00e1t t\u00e1rsadalmunkhoz.<\/p>\n\n\n\n<p>Nem meglep\u0151, hogy sokszor csal\u00e1dtagok is dolgoznak egy\u00fctt a Snap-on csapat\u00e1ban. is meglepett de ugyanakkor nem is lehettem volna boldogabb, amikor az els\u0151sz\u00fcl\u00f6ttem \u00fagy d\u00f6nt\u00f6tt, hogy azt a c\u00e9lt t\u0171zi maga el\u00e9, hogy a hegeszt\u0151iskola befejez\u00e9se ut\u00e1n az els\u0151 munkahelye a Snap-on legyen. Most m\u00e1r \u00f6n\u00e1ll\u00f3 \u00e9letet \u00e9l, mi\u00f3ta elkezdte a karrierj\u00e9t Louisville-ben, Kentuckyban, \u00e9s ugyanazokat a berendez\u00e9seket k\u00e9sz\u00edti, amikhez \u00e9n is k\u00e9sz\u00edtem a marketing tartalmakat.<\/p>\n\n\n\n<div style=\"height:1px\" aria-hidden=\"true\" class=\"wp-block-spacer\"><\/div>\n<\/div><\/div>\n<\/div><\/div>\n\n\n\n<div class=\"wp-block-group portfolio-itemr\"><div class=\"wp-block-group__inner-container is-layout-constrained wp-block-group-is-layout-constrained\">\n<div class=\"wp-block-group portfolio-imager\"><div class=\"wp-block-group__inner-container is-layout-constrained wp-block-group-is-layout-constrained\">\n<figure class=\"wp-block-image size-full img100\"><img loading=\"lazy\" decoding=\"async\" width=\"315\" height=\"401\" src=\"https:\/\/soe.snaponequipment.com\/wp-content\/uploads\/success-4r.jpg\" alt=\"\" class=\"wp-image-245\"\/><\/figure>\n<\/div><\/div>\n\n\n\n<div class=\"wp-block-group portfolio-descr\"><div class=\"wp-block-group__inner-container is-layout-constrained wp-block-group-is-layout-constrained\">\n<p style=\"font-size:25px\"><strong>Ker\u00e9kszerel\u0151 Gy\u00e1rt\u00f3sorvezet\u0151<\/strong><\/p>\n\n\n\n<p>Argent\u00edn\u00e1b\u00f3l a 90-es \u00e9vekben j\u00f6ttem el, amikor az orsz\u00e1got gazdas\u00e1gi v\u00e1ls\u00e1g s\u00fajtotta. Sokakhoz hasonl\u00f3an kezdetben \u00e9n is egy munkaer\u0151-k\u00f6lcs\u00f6nz\u0151 c\u00e9gen kereszt\u00fcl dolgoztam, miel\u0151tt teljes munkaid\u0151sk\u00e9nt felv\u00e9telt nyertem a Snap-onhoz. A helyi k\u00f6z\u00e9piskol\u00e1ban elektronikai v\u00e9gzetts\u00e9get szereztem, mik\u00f6zben a Snap-on-n\u00e1l dolgoztam, s\u0151t ekkor t\u00f6rt\u00e9nt, hogy el\u0151l\u00e9ptettek a szerel\u0151sor vezet\u0151j\u00e9v\u00e9. Ahogy r\u00e9gen \u00fagy most is arra t\u00f6rekszem, hogy folyamatosan fejl\u0151djek ez\u00e9rt folytattam a tanulm\u00e1nyaimat, hogy m\u00e9rn\u00f6ki diplom\u00e1t szerezzek.<\/p>\n\n\n\n<p>Amikor a csapatunk egyik nagy tapasztalattal b\u00edr\u00f3 tagja \u00fagy d\u00f6nt\u00f6tt, hogy 42 \u00e9v ut\u00e1n nyugd\u00edjba vonul \u00f6r\u00f6mmel vettem \u00e1t a hely\u00e9t, b\u00e1r tudtam, hogy nem lesz k\u00f6nny\u0171 dolgom . Az illet\u0151 az \u00fczemcsarnok oszlopos tagja volt \u00e9s minden nap kem\u00e9nyen dolgozom az\u00e9rt, hogy m\u00e9lt\u00f3 legyek az \u00f6r\u00f6ks\u00e9g\u00e9re \u00e9s p\u00e9ld\u00e1t mutassak a 11 \u00e9ves fiamnak.<\/p>\n\n\n\n<p>Most 18 \u00e9v munkaviszony ut\u00e1n 2022 szeptember\u00e9ben m\u00e9g mindig a Snap-on-n\u00e1l \u00e9p\u00edtem a karrieremet, jelenleg mint munkav\u00e9delmi koordin\u00e1tor, k\u00f6vetve azt az \u00e1lmomat, hogy tov\u00e1bbra is ezen a ter\u00fcleten dolgozhassak.<\/p>\n\n\n\n<div style=\"height:1px\" aria-hidden=\"true\" class=\"wp-block-spacer\"><\/div>\n<\/div><\/div>\n<\/div><\/div>\n\n\n\n<h2 class=\"wp-block-heading\">EGY NAGYSZER\u0170 MUNKAHELY<\/h2>\n\n\n\n<p>Mivel vil\u00e1gels\u0151k vagyunk a j\u00e1rm\u0171 fut\u00f3m\u0171szerv\u00edz -\u00e9s t\u00f6r\u00e9sjav\u00edt\u00f3 berendez\u00e9sek piac\u00e1n, hozz\u00e1nk csatlakozva lehet\u0151s\u00e9ge van vil\u00e1gszerte seg\u00edteni a j\u00e1rm\u0171jav\u00edt\u00e1ssal foglalkoz\u00f3 szakembereknek, hogy a term\u00e9keinket haszn\u00e1lva a v\u00e1llalkoz\u00e1saik jobbak \u00e9s sikeresebbek lehessenek. Azzal, hogy csatlakozik hozz\u00e1nk a Snap-on Equipment-n\u00e9l, hozz\u00e1j\u00e1rul a fenntarthat\u00f3s\u00e1g n\u00f6vel\u00e9s\u00e9hez. N\u00e1lunk lehet\u0151s\u00e9ge lesz olyan term\u00e9kekkel dolgozni, amikre b\u00e1rki b\u00fcszke lehet, mivel a szakemberek vil\u00e1gszerte elismerik, hogy term\u00e9keink a legmagasabb min\u0151s\u00e9get k\u00e9pviselik.<\/p>\n\n\n\n<p>A Snap-on Equipment folyamatosan arra t\u00f6rekszik, hogy a legjobb munk\u00e1ltat\u00f3 legyen, \u00e9s mindenkinek &#8222;Nagyszer\u0171 munkahelyet&#8221; k\u00edn\u00e1ljon. A Snap-on v\u00e1llalati kult\u00far\u00e1ja a tiszteletteljes \u00e9s \u0151szinte kapcsolatokat, a csapatszellemet, az \u00e1tl\u00e1that\u00f3s\u00e1got, az \u00fcgyf\u00e9lk\u00f6zpont\u00fas\u00e1got \u00e9s az innov\u00e1ci\u00f3t t\u00e1mogatja. Hitvall\u00e1sainkkal egy\u00fctt kompromisszumok n\u00e9lk\u00fcli szeml\u00e9letet alak\u00edtunk ki a biztons\u00e1g, a min\u0151s\u00e9g \u00e9s a folyamatos fejleszt\u00e9s ter\u00fclet\u00e9n az \u00fczleti tev\u00e9kenys\u00e9g\u00fcnk, a term\u00e9keink \u00e9s a koll\u00e9g\u00e1ink tekintet\u00e9ben. Folyamatosan sokf\u00e9le fejleszt\u00e9si programot k\u00edn\u00e1lunk v\u00e1llalatunk legt\u00f6bb ter\u00fclet\u00e9n.<\/p>\n\n\n\n<p class=\"has-text-align-center\"><strong>Akik vagyunk<\/strong><br>K\u00fcldet\u00e9s\u00fcnk<br>A vil\u00e1g leg\u00e9rt\u00e9kesebb term\u00e9kmegold\u00e1sai<\/p>\n\n\n\n<div class=\"wp-block-group grid3 is-layout-grid wp-container-core-group-is-layout-6059c0ab wp-block-group-is-layout-grid\">\n<div class=\"wp-block-group\"><div class=\"wp-block-group__inner-container is-layout-constrained wp-block-group-is-layout-constrained\">\n<h3 class=\"wp-block-heading\">Hitvallas<\/h3>\n\n\n\n<ul class=\"wp-block-list\">\n<li>Mi melyen hisziink:<\/li>\n\n\n\n<li>Term\u00e9keink \u00e9s munkahelyeink vitalhatatlan biztons\u00e1goss\u00e1g\u00e1ban<\/li>\n\n\n\n<li>A Kompromisszummentes min\u0151s\u00e9g<\/li>\n\n\n\n<li>A vev\u0151 ir\u00e1nti odaad\u00f3 figyelmess\u00e9gben<\/li>\n\n\n\n<li>A b\u00e1tor innov\u00e1ci\u00f3ban<\/li>\n\n\n\n<li>A gyors \u00e9s folyamatos fejl\u0151d\u00e9sben<\/li>\n<\/ul>\n<\/div><\/div>\n\n\n\n<div class=\"wp-block-group\"><div class=\"wp-block-group__inner-container is-layout-constrained wp-block-group-is-layout-constrained\">\n<h3 class=\"wp-block-heading\">\u00c9rt\u00e9kek<\/h3>\n\n\n\n<ul class=\"wp-block-list\">\n<li>Magatart\u00e1sunk garant\u00e1lja siker\u00fcnket, mert:<\/li>\n\n\n\n<li>Megmutatjuk az integrit\u00e1st.<\/li>\n\n\n\n<li>Igazat mondunk.<\/li>\n\n\n\n<li>Tisztelj\u00fck egym\u00e1st.<\/li>\n\n\n\n<li>T\u00e1mogatjuk a csapatmunk\u00e1t.<\/li>\n\n\n\n<li>Meghallgatjuk egym\u00e1st.<\/li>\n<\/ul>\n<\/div><\/div>\n\n\n\n<div class=\"wp-block-group\"><div class=\"wp-block-group__inner-container is-layout-constrained wp-block-group-is-layout-constrained\">\n<h3 class=\"wp-block-heading\">J\u00f6v\u0151k\u00e9p<\/h3>\n\n\n\n<ul class=\"wp-block-list\">\n<li>\u00dagy ismerjenek minket, hogy mi vagyunk:<\/li>\n\n\n\n<li>A kedvenc m\u00e1rka<\/li>\n\n\n\n<li>A kedvenc munkaad\u00f3<\/li>\n\n\n\n<li>A kedvenc Franchisor<\/li>\n\n\n\n<li>A kedvenc \u00fczleti partner<\/li>\n\n\n\n<li>A kedvenc befektet\u00e9s<\/li>\n<\/ul>\n<\/div><\/div>\n<\/div>\n\n\n\n<h1 class=\"wp-block-heading has-text-align-center\"><strong>Friss\u00edtj\u00fck karrierport\u00e1lunkat.<\/strong><\/h1>\n\n\n\n<h1 class=\"wp-block-heading has-text-align-center\"><strong>Hamarosan \u00faj jelentkez\u00e9si rendszer \u00e9rkezik.<\/strong><\/h1>\n<\/div><\/div>\n","protected":false},"excerpt":{"rendered":"<p>Karrierek Az emberek a Snap-on Equipmentet term\u00e9keink min\u0151s\u00e9g\u00e9r\u0151l ismerik, mi pedig tudjuk, hogy munkat\u00e1rsaink szenved\u00e9lye \u00e9s szem\u00e9lyis\u00e9ge teszi v\u00e1llalatunkat glob\u00e1lis vezet\u0151 szerepet bet\u00f6lt\u0151 c\u00e9gg\u00e9. Mindig \u00faj csapattagokat keres\u00fcnk &#8211; olyan jel\u00f6lteket, akik p\u00e9ld\u00e1t mutatnak arr\u00f3l, hogy kik vagyunk. B\u00fcszkes\u00e9ggel, becs\u00fclettel \u00e9s pozit\u00edv hozz\u00e1\u00e1ll\u00e1ssal v\u00e9gezz\u00fck a munk\u00e1nkat. Megb\u00edzhat\u00f3ak \u00e9s tisztelettud\u00f3ak vagyunk, szorosan egy\u00fcttm\u0171k\u00f6d\u00fcnk \u00e9s v\u00e1gyunk a [&hellip;]<\/p>\n","protected":false},"author":1,"featured_media":0,"parent":0,"menu_order":0,"comment_status":"closed","ping_status":"closed","template":"","meta":{"footnotes":""},"class_list":["post-322","page","type-page","status-publish","hentry"],"_links":{"self":[{"href":"https:\/\/soe.snaponequipment.com\/hu\/wp-json\/wp\/v2\/pages\/322","targetHints":{"allow":["GET"]}}],"collection":[{"href":"https:\/\/soe.snaponequipment.com\/hu\/wp-json\/wp\/v2\/pages"}],"about":[{"href":"https:\/\/soe.snaponequipment.com\/hu\/wp-json\/wp\/v2\/types\/page"}],"author":[{"embeddable":true,"href":"https:\/\/soe.snaponequipment.com\/hu\/wp-json\/wp\/v2\/users\/1"}],"replies":[{"embeddable":true,"href":"https:\/\/soe.snaponequipment.com\/hu\/wp-json\/wp\/v2\/comments?post=322"}],"version-history":[{"count":2,"href":"https:\/\/soe.snaponequipment.com\/hu\/wp-json\/wp\/v2\/pages\/322\/revisions"}],"predecessor-version":[{"id":1823,"href":"https:\/\/soe.snaponequipment.com\/hu\/wp-json\/wp\/v2\/pages\/322\/revisions\/1823"}],"wp:attachment":[{"href":"https:\/\/soe.snaponequipment.com\/hu\/wp-json\/wp\/v2\/media?parent=322"}],"curies":[{"name":"wp","href":"https:\/\/api.w.org\/{rel}","templated":true}]}}