{"id":360,"date":"2025-10-15T18:39:09","date_gmt":"2025-10-15T18:39:09","guid":{"rendered":"https:\/\/soe.snaponequipment.com\/privacy-policy\/"},"modified":"2025-11-03T19:46:16","modified_gmt":"2025-11-03T19:46:16","slug":"privacy-policy","status":"publish","type":"page","link":"https:\/\/soe.snaponequipment.com\/hu\/privacy-policy\/","title":{"rendered":"Privacy Policy"},"content":{"rendered":"\n<div class=\"wp-block-group content-inner1200\"><div class=\"wp-block-group__inner-container is-layout-constrained wp-block-group-is-layout-constrained\">\n<h1 class=\"wp-block-heading\">ADATV\u00c9DELMI POLITIKA<\/h1>\n\n\n\n<p>Az \u00d6n szem\u00e9lyes adatainak kezel\u0151je a Snap-on Equipment Srl. (Via Prov. Carpi, 33 42015 Correggio (RE) &#8211; ITALY C.F. 12490320152 &#8211; P.I. 01866820358), a Snap-on Incorporated v\u00e1llalatcsoport (&#8222;Snap-on Csoport&#8221;) r\u00e9sze. A Snap-on Equipment Srl-re (Via Prov. Carpi, 33 42015 Correggio (RE) &#8211; ITALY C.F. 12490320152 &#8211; P.I. 01866820358) a jelen adatv\u00e9delmi szab\u00e1lyzat &#8222;mi&#8221; n\u00e9ven hivatkozik.<\/p>\n\n\n\n<p>Az \u00d6n szem\u00e9lyes adatainak v\u00e9delme fontos szempont sz\u00e1munkra, amelyre k\u00fcl\u00f6n\u00f6s figyelmet ford\u00edtunk.<\/p>\n\n\n\n<p>Ez az adatv\u00e9delmi ir\u00e1nyelv t\u00e1j\u00e9koztat\u00e1st ad arr\u00f3l, hogy milyen szem\u00e9lyes adatokat gy\u0171jt\u00fcnk \u00d6nr\u0151l \u00e9s hogyan haszn\u00e1ljuk fel azokat.<\/p>\n\n\n\n<p>Felh\u00edvjuk figyelm\u00e9t, hogy a jelen adatv\u00e9delmi szab\u00e1lyzatban meghat\u00e1rozott adatv\u00e9delmi gyakorlat kiz\u00e1r\u00f3lag a Snap-on Equipment Srl-re (Via Prov. Carpi, 33 42015 Correggio (RE) &#8211; ITALY C.F. 12490320152 &#8211; P.I. 01866820358) vonatkozik. A Snap-on csoporton bel\u00fcl m\u00e1s v\u00e1llalatoknak is lehetnek olyan weboldalaik \u00e9s term\u00e9keik, amelyek szem\u00e9lyes adatokat gy\u0171jtenek \u00e9s haszn\u00e1lnak. Ha m\u00e1s weboldalakra mutat\u00f3 hivatkoz\u00e1sra kattint vagy m\u00e1s m\u00f3don keresi fel azokat, akkor k\u00e9rj\u00fck, olvassa el az ott k\u00f6zz\u00e9tett adatv\u00e9delmi ir\u00e1nyelveket.<\/p>\n\n\n\n<p>Ha b\u00e1rmilyen k\u00e9rd\u00e9se vagy agg\u00e1lya van az adatv\u00e9delmi politik\u00e1val kapcsolatban, k\u00e9rj\u00fck, forduljon az adatv\u00e9delmi tisztvisel\u0151h\u00f6z a k\u00f6vetkez\u0151 c\u00edmen: DataProtectionManager@snapon.com.<\/p>\n\n\n\n<p><strong>1. Milyen t\u00edpus\u00fa szem\u00e9lyes adatokat gy\u0171jt\u00fcnk?<\/strong><\/p>\n\n\n\n<p>Sz\u00e1mos szem\u00e9lyes adatot gy\u0171jthet\u00fcnk \u00e9s dolgozhatunk fel, illetve gy\u0171jt\u00f6tt\u00fcnk \u00e9s dolgoztunk fel az elm\u00falt 12 h\u00f3napban, t\u00f6bbek k\u00f6z\u00f6tt:<\/p>\n\n\n\n<ul class=\"wp-block-list\">\n<li><strong>Azonos\u00edt\u00f3k:\u00a0<\/strong>P\u00e9ld\u00e1ul val\u00f3di n\u00e9v, \u00e1ln\u00e9v, postac\u00edm, telefonsz\u00e1m, online azonos\u00edt\u00f3, internetprotokoll-c\u00edm, e-mail c\u00edm, sz\u00e1mlasz\u00e1m, t\u00e1rsadalombiztos\u00edt\u00e1si sz\u00e1m, jogos\u00edtv\u00e1nysz\u00e1m, \u00fatlev\u00e9lsz\u00e1m, egy\u00e9b \u00e1llami vagy nemzeti azonos\u00edt\u00f3 sz\u00e1m(ok), az \u00d6n al\u00e1\u00edr\u00e1sa, fizikai jellemz\u0151i vagy le\u00edr\u00e1sa, biztos\u00edt\u00e1si k\u00f6tv\u00e9ny sz\u00e1ma vagy m\u00e1s hasonl\u00f3 egyedi szem\u00e9lyes azonos\u00edt\u00f3k.<\/li>\n\n\n\n<li><strong>Kereskedelmi inform\u00e1ci\u00f3k:\u00a0<\/strong>P\u00e9ld\u00e1ul tranzakci\u00f3s \u00e9s v\u00e1s\u00e1rl\u00e1si inform\u00e1ci\u00f3k \u00e9s el\u0151zm\u00e9nyek.<\/li>\n\n\n\n<li><strong>Financial Information:\u00a0<\/strong>Banksz\u00e1mlasz\u00e1m, hitelk\u00e1rtya sz\u00e1ma, bankk\u00e1rtya sz\u00e1ma vagy b\u00e1rmely m\u00e1s p\u00e9nz\u00fcgyi inform\u00e1ci\u00f3.<\/li>\n\n\n\n<li><strong>Technikai \u00e9s inernethaszn\u00e1latra vonatkoz\u00f3 inform\u00e1ci\u00f3k:<\/strong>\u00a0A weboldalunk, term\u00e9keink \u00e9s szolg\u00e1ltat\u00e1saink haszn\u00e1lat\u00e1ra vonatkoz\u00f3 inform\u00e1ci\u00f3k, mint p\u00e9ld\u00e1ul a b\u00f6ng\u00e9sz\u00e9si el\u0151zm\u00e9nyek, keres\u00e9si el\u0151zm\u00e9nyek vagy a weboldalainkkal, alkalmaz\u00e1sainkkal, term\u00e9keinkkel \u00e9s szolg\u00e1ltat\u00e1sainkkal val\u00f3 interakci\u00f3kra vonatkoz\u00f3 egy\u00e9b inform\u00e1ci\u00f3k. A weboldalon haszn\u00e1lt nyomk\u00f6vet\u0151 technol\u00f3gi\u00e1kr\u00f3l r\u00e9szletes inform\u00e1ci\u00f3t a 12. szakaszban, a &#8222;Hogyan haszn\u00e1ljuk a cookie-kat?&#8221; c\u00edm\u0171 r\u00e9szben tal\u00e1l.<\/li>\n\n\n\n<li><strong>Oktat\u00e1si vagy szakmai\/foglalkoztat\u00e1si inform\u00e1ci\u00f3k:\u00a0<\/strong>P\u00e9ld\u00e1ul oktat\u00e1si vagy k\u00e9pz\u00e9si, munkaviszonnyal \u00e9s kor\u00e1bbi munk\u00e1ltat\u00f3kkal kapcsolatos el\u0151zm\u00e9nyek.<\/li>\n\n\n\n<li><strong>\u00c9rz\u00e9kszervi inform\u00e1ci\u00f3k:\u00a0<\/strong>P\u00e9ld\u00e1ul hang-, elektronikus, vizu\u00e1lis \u00e9s hasonl\u00f3 inform\u00e1ci\u00f3k, p\u00e9ld\u00e1ul h\u00edv\u00e1s- \u00e9s videofelv\u00e9telek.<\/li>\n\n\n\n<li><strong>Geolok\u00e1ci\u00f3s inform\u00e1ci\u00f3k:\u00a0<\/strong>P\u00e9ld\u00e1ul az eszk\u00f6z \u00e9s az internetprotokoll-c\u00edm helymeghat\u00e1roz\u00e1sa.<\/li>\n\n\n\n<li><strong>Nem \u00e1ll sz\u00e1nd\u00e9kunkban szem\u00e9lyes adatokat gy\u0171jteni gyermekekr\u0151l:\u00a0<\/strong>Tudatosan nem gy\u0171jt\u00fcnk szem\u00e9lyes adatokat 16 \u00e9v alatti gyermekekr\u0151l. Weboldalunk nem 16 \u00e9v alatti gyermekek sz\u00e1m\u00e1ra k\u00e9sz\u00fclt. Ha \u00d6n 16 \u00e9v alatti, ne haszn\u00e1lja \u00e9s ne adjon meg semmilyen inform\u00e1ci\u00f3t ezen a weboldalon vagy annak b\u00e1rmely funkci\u00f3j\u00e1n kereszt\u00fcl. Ha \u00fagy gondolja, hogy 16 \u00e9v alatti gyermekt\u0151l sz\u00e1rmaz\u00f3 vagy 16 \u00e9v alatti gyermekre vonatkoz\u00f3 adatokkal rendelkez\u00fcnk, k\u00e9rj\u00fck, l\u00e9pjen kapcsolatba vel\u00fcnk a DataProtectionManager@snapon.com c\u00edmen.<\/li>\n<\/ul>\n\n\n\n<p><strong>2. Melyek az \u00e1ltalunk gy\u0171jt\u00f6tt szem\u00e9lyes adatok forr\u00e1sai?<\/strong><\/p>\n\n\n\n<p>Szem\u00e9lyes adatokat sz\u00e1mos forr\u00e1sb\u00f3l gy\u0171jt\u00fcnk, t\u00f6bbek k\u00f6z\u00f6tt:<\/p>\n\n\n\n<ul class=\"wp-block-list\">\n<li><strong>\u00d6nt\u0151l.\u00a0<\/strong>\u00d6n k\u00f6zvetlen\u00fcl adhat nek\u00fcnk szem\u00e9lyes adatokat, amikor:\n<ul class=\"wp-block-list\">\n<li>Ig\u00e9nybe veszi, megv\u00e1s\u00e1rolja vagy regisztr\u00e1l term\u00e9keinkre \u00e9s\/vagy szolg\u00e1ltat\u00e1sainkra;<\/li>\n\n\n\n<li>\u00c1ll\u00e1sra jelentkezik hozz\u00e1nk;<\/li>\n\n\n\n<li>\u00dcgyf\u00e9lt\u00e1mogat\u00e1st kap t\u0151l\u00fcnk;<\/li>\n\n\n\n<li>Felhaszn\u00e1l\u00f3i fi\u00f3kot hoz a weboldalunkon;<\/li>\n\n\n\n<li>Feliratkozik a h\u00edrlevel\u00fcnkre\/kiadv\u00e1nyainkra;<\/li>\n\n\n\n<li>Marketing anyagot k\u00e9t t\u0151l\u00fcnk;<\/li>\n\n\n\n<li>R\u00e9szt vesz valamelyik verseny\u00fcnk\u00f6n, prom\u00f3ci\u00f3nkban vagy felm\u00e9r\u00e9s\u00fcnkben;<\/li>\n\n\n\n<li>Szem\u00e9lyesen levelezik vel\u00fcnk ki\u00e1ll\u00edt\u00e1sokon, rendezv\u00e9nyeken vagy egy\u00e9b m\u00f3dokon;<\/li>\n\n\n\n<li>Kapcsolatba l\u00e9p vel\u00fcnk, mint potenci\u00e1lis vagy megl\u00e9v\u0151 franchise-partner, illetve mint egy franchise-partner alkalmazottja;<\/li>\n\n\n\n<li>visszajelz\u00e9st vagy egy\u00e9b inform\u00e1ci\u00f3t ad nek\u00fcnk, vagy kapcsolatba l\u00e9p vel\u00fcnk;<\/li>\n\n\n\n<li>Amikor a k\u00f6z\u00f6ss\u00e9gi m\u00e9dia fi\u00f3kj\u00e1t \u00f6sszekapcsolja a n\u00e1lunk vezetett fi\u00f3kj\u00e1val.<\/li>\n<\/ul>\n<\/li>\n\n\n\n<li><strong>Automatiz\u00e1lt technol\u00f3gi\u00e1kb\u00f3l vagy interakci\u00f3kb\u00f3l.\u00a0<\/strong>Amikor megl\u00e1togatja a weboldalunkat, haszn\u00e1lja valamely alkalmaz\u00e1sunkat vagy r\u00e9szt vesz valamelyik e-mail kamp\u00e1nyunkban, automatikusan gy\u0171jthet\u00fcnk technikai \u00e9s internethaszn\u00e1lati inform\u00e1ci\u00f3kat (r\u00e9szletesebb le\u00edr\u00e1s a &#8222;Milyen t\u00edpus\u00fa szem\u00e9lyes adatokat gy\u0171jt\u00fcnk?&#8221; szakaszban). Ezeket az adatokat s\u00fctik, szervernapl\u00f3k \u00e9s m\u00e1s hasonl\u00f3 technol\u00f3gi\u00e1k seg\u00edts\u00e9g\u00e9vel gy\u0171jtj\u00fck. A weboldalunkon vagy az e-mail kamp\u00e1nyainkban haszn\u00e1lt technol\u00f3gi\u00e1kr\u00f3l r\u00e9szletes inform\u00e1ci\u00f3t a 12. &#8222;Hogyan haszn\u00e1ljuk a cookie-kat?&#8221; szakaszban tal\u00e1l.<\/li>\n\n\n\n<li><strong>Harmadik f\u00e9lt\u0151l vagy nyilv\u00e1nosan el\u00e9rhet\u0151 forr\u00e1sokb\u00f3l.\u00a0<\/strong>Szem\u00e9lyes adatokat kaphatunk olyan harmadik f\u00e9lt\u0151l, aki meger\u0151s\u00edtette, hogy jogosultak azokat megosztani vel\u00fcnk, vagy m\u00e1s nyilv\u00e1nos forr\u00e1sokb\u00f3l, mint p\u00e9ld\u00e1ul:\n<ul class=\"wp-block-list\">\n<li>Fogyaszt\u00f3i adatszolg\u00e1ltat\u00f3 \u00fcgyn\u00f6ks\u00e9gek, hitelinform\u00e1ci\u00f3s \u00fcgyn\u00f6ks\u00e9gek \u00e9s nyilv\u00e1nosan el\u00e9rhet\u0151 adatb\u00e1zisok;<\/li>\n\n\n\n<li>Aut\u00f3jav\u00edt\u00f3 m\u0171helyek \u00e9s aut\u00f3keresked\u0151k, akik term\u00e9keinket vagy szolg\u00e1ltat\u00e1sainkat haszn\u00e1lj\u00e1k;<\/li>\n\n\n\n<li>Snap-on Tools franchise partnerek;<\/li>\n\n\n\n<li>F\u00fcggetlen \u00e9rt\u00e9kes\u00edt\u00e9si \u00e9s szerv\u00edzk\u00e9pvisel\u0151k.<\/li>\n\n\n\n<li>Munkaer\u0151-k\u00f6zvet\u00edt\u0151 \u00fcgyn\u00f6ks\u00e9gek \u00e9s referensek;<\/li>\n\n\n\n<li>Biztos\u00edt\u00f3t\u00e1rsas\u00e1gok \u00e9s br\u00f3kerek;<\/li>\n\n\n\n<li>Teherfuvaroz\u00f3 v\u00e1llalatok;<\/li>\n\n\n\n<li>A Snap-on Csoport m\u00e1s v\u00e1llalatai, amelyekkel \u00d6n m\u00e1s weboldalakon, term\u00e9keken, szolg\u00e1ltat\u00e1sokon vagy k\u00f6z\u00f6ss\u00e9gi m\u00e9dia oldalakon kereszt\u00fcl kapcsolatba l\u00e9phet;<\/li>\n\n\n\n<li>Inform\u00e1ci\u00f3szolg\u00e1ltat\u00f3k keres\u00e9se;<\/li>\n\n\n\n<li>Marketinglist\u00e1k szolg\u00e1ltat\u00f3i \u00e9s egy\u00e9b adatgy\u0171jt\u0151k;<\/li>\n\n\n\n<li>Rekl\u00e1mh\u00e1l\u00f3zatok;<\/li>\n\n\n\n<li>Oper\u00e1ci\u00f3s rendszerek \u00e9s platformok; vagy<\/li>\n\n\n\n<li>K\u00f6z\u00f6ss\u00e9gi h\u00e1l\u00f3zatok;<\/li>\n<\/ul>\n<\/li>\n<\/ul>\n\n\n\n<p><strong>3. Hogyan haszn\u00e1ljuk fel ezeket a szem\u00e9lyes adatokat?<\/strong><\/p>\n\n\n\n<p>Szem\u00e9lyes adatait a k\u00f6vetkez\u0151 m\u00f3dokon haszn\u00e1lhatjuk fel:<\/p>\n\n\n\n<ul class=\"wp-block-list\">\n<li><strong>\u00dczleti felhaszn\u00e1l\u00e1sok, mint p\u00e9ld\u00e1ul:<\/strong>\n<ul class=\"wp-block-list\">\n<li>\u00daj \u00fcgyf\u00e9lk\u00e9nt regisztr\u00e1ljuk \u00d6nt;<\/li>\n\n\n\n<li>Munkaer\u0151 kiv\u00e1laszt\u00e1s\/toborz\u00e1s;<\/li>\n\n\n\n<li>Az \u00d6n megrendel\u00e9s\u00e9nek feldolgoz\u00e1sa \u00e9s kisz\u00e1ll\u00edt\u00e1sa, el\u0151fizet\u00e9seinek kezel\u00e9se, vagy a vel\u00fcnk k\u00f6t\u00f6tt egy\u00e9b szerz\u0151d\u00e9sekb\u0151l ered\u0151 k\u00f6telezetts\u00e9geink teljes\u00edt\u00e9se;<\/li>\n\n\n\n<li>A kifizet\u00e9sek, d\u00edjak \u00e9s k\u00f6lts\u00e9gek kezel\u00e9se, valamint a nek\u00fcnk j\u00e1r\u00f3 p\u00e9nzek beszed\u00e9se \u00e9s behajt\u00e1sa;<\/li>\n\n\n\n<li>Az \u00d6nnel val\u00f3 kapcsolattart\u00e1s \u00e9rdek\u00e9ben \u00e9rtes\u00edt\u00e9seket k\u00fcld\u00fcnk \u00d6nnek, t\u00e1j\u00e9koztatjuk term\u00e9k- vagy szolg\u00e1ltat\u00e1si inform\u00e1ci\u00f3kr\u00f3l, megk\u00e9rj\u00fck, hogy mondja el a v\u00e9lem\u00e9ny\u00e9t vagy vegyen r\u00e9szt egy felm\u00e9r\u00e9sben, vagy megh\u00edvjuk, hogy vegyen r\u00e9szt egy nyerem\u00e9nyj\u00e1t\u00e9kban vagy versenyben;<\/li>\n\n\n\n<li>Teljes\u00edts\u00fck k\u00e9r\u00e9seit, megv\u00e1laszoljuk k\u00e9rd\u00e9seit, v\u00e1laszoljunk \u00e9szrev\u00e9teleire, \u00e9s m\u00e9rj\u00fck, hogy mennyire hat\u00e9konyan kezelj\u00fck az \u00d6n probl\u00e9m\u00e1it;<\/li>\n\n\n\n<li>\u00daj term\u00e9kek \u00e9s szolg\u00e1ltat\u00e1sok elemz\u00e9se \u00e9s fejleszt\u00e9se, illetve javaslatok \u00e9s aj\u00e1nl\u00e1sok k\u00e9sz\u00edt\u00e9se az \u00d6n sz\u00e1m\u00e1ra olyan \u00e1rukkal \u00e9s szolg\u00e1ltat\u00e1sokkal kapcsolatban, amelyek \u00e9rdekelhetik \u00d6nt;<\/li>\n\n\n\n<li>\u00dcgyf\u00e9lt\u00e1mogat\u00e1s ny\u00fajt\u00e1sa; vagy<\/li>\n\n\n\n<li>Esetleges jogi k\u00f6telezetts\u00e9geink teljes\u00edt\u00e9se<\/li>\n<\/ul>\n<\/li>\n\n\n\n<li><strong>Megfigyel\u00e9s \u00e9s r\u00f6gz\u00edt\u00e9s:\u00a0<\/strong>a vel\u00fcnk folytatott h\u00edv\u00e1sok, besz\u00e9lget\u00e9sek vagy egy\u00e9b interakci\u00f3k kezel\u00e9se, bele\u00e9rtve az \u00fcgyf\u00e9lszolg\u00e1lati csapat \u00e1ltal folytatott interakci\u00f3kat is. Felh\u00edvjuk figyelm\u00e9t, hogy \u00e1ltal\u00e1nos gyakorlatunk, hogy az ilyen interakci\u00f3kat figyelemmel k\u00eds\u00e9rj\u00fck, \u00e9s bizonyos esetekben r\u00f6gz\u00edtj\u00fck a szem\u00e9lyzet k\u00e9pz\u00e9se vagy min\u0151s\u00e9gbiztos\u00edt\u00e1s c\u00e9lj\u00e1b\u00f3l, illetve egy adott tranzakci\u00f3 vagy interakci\u00f3 bizony\u00edt\u00e9kak\u00e9nt.<\/li>\n\n\n\n<li><strong>Mobilalkalmaz\u00e1sok:\u00a0<\/strong>mobilalkalmaz\u00e1sok el\u00e9rhet\u0151v\u00e9 t\u00e9tele, k\u00f6z\u00f6ss\u00e9gi m\u00e9diaplatformok bevezet\u00e9se egyes weboldalainkon, regisztr\u00e1ci\u00f3 ezeken a platformokon. K\u00e9rj\u00fck, olvassa el az ezen harmadik f\u00e9lt\u0151l sz\u00e1rmaz\u00f3 k\u00f6z\u00f6ss\u00e9gi m\u00e9diaplatformok tekintet\u00e9ben rendelkez\u00e9sre \u00e1ll\u00f3 kieg\u00e9sz\u00edt\u0151 adatv\u00e9delmi ir\u00e1nyelveket is.<\/li>\n\n\n\n<li><strong>Weboldal-\u00e9lm\u00e9ny:\u00a0<\/strong>a weboldal technikai adminisztr\u00e1ci\u00f3j\u00e1hoz; bels\u0151 m\u0171veletekhez; \u00fcgyf\u00e9ladminisztr\u00e1ci\u00f3hoz; term\u00e9kfelm\u00e9r\u00e9sekhez; hibaelh\u00e1r\u00edt\u00e1shoz; inform\u00e1ci\u00f3elemz\u00e9shez, inform\u00e1ci\u00f3elemz\u00e9shez, tesztel\u00e9shez, valamint kutat\u00e1si \u00e9s fejleszt\u00e9si c\u00e9lokra; annak biztos\u00edt\u00e1sa \u00e9rdek\u00e9ben, hogy a weboldalunk tartalma az \u00d6n \u00e9s az \u00d6n sz\u00e1m\u00edt\u00f3g\u00e9pe sz\u00e1m\u00e1ra a leghat\u00e9konyabb m\u00f3don jelenjen meg; valamint a weboldalunk biztons\u00e1g\u00e1nak \u00e9s v\u00e9delm\u00e9nek fenntart\u00e1s\u00e1ra ir\u00e1nyul\u00f3 er\u0151fesz\u00edt\u00e9seink r\u00e9szek\u00e9nt.<\/li>\n\n\n\n<li><strong>Jogaink \u00e9s tulajdonunk v\u00e9delme:\u00a0<\/strong>jogaink vagy tulajdonunk, illetve \u00fczleti partnereink, franchise partnereink, keresked\u0151ink, besz\u00e1ll\u00edt\u00f3ink, \u00fcgyfeleink vagy m\u00e1sok jogainak vagy tulajdon\u00e1nak v\u00e9delme, ha alapos okunk van felt\u00e9telezni, hogy az ilyen jogok vagy tulajdon s\u00e9r\u00fcltek vagy s\u00e9r\u00fclhetnek; tartoz\u00e1sok behajt\u00e1sa; potenci\u00e1lis vagy t\u00e9nyleges k\u00f6vetel\u00e9sek, k\u00f6telezetts\u00e9gek \u00e9s tiltott viselked\u00e9s vagy tev\u00e9kenys\u00e9g megel\u0151z\u00e9se, felder\u00edt\u00e9se, azonos\u00edt\u00e1sa, kivizsg\u00e1l\u00e1sa, megv\u00e1laszol\u00e1sa \u00e9s v\u00e9delme.<\/li>\n\n\n\n<li><strong>Inform\u00e1ci\u00f3k \u00fczleti partnereink \u00e9s keresked\u0151ink sz\u00e1m\u00e1ra:\u00a0<\/strong>az \u00d6nnel, az \u00d6n \u00e1ltal k\u00e9pviselt \u00fczleti partnerrel vagy keresked\u0151vel val\u00f3 \u00fczleti kapcsolatunk kezel\u00e9se \u00e9s fejleszt\u00e9se \u00e9rdek\u00e9ben, bele\u00e9rtve az inform\u00e1ci\u00f3k megoszt\u00e1s\u00e1t a csoportunkkal, az \u00d6nnel val\u00f3 tranzakci\u00f3 megk\u00f6t\u00e9se vagy v\u00e9grehajt\u00e1sa \u00e9rdek\u00e9ben, el\u00e9gedetts\u00e9gi felm\u00e9r\u00e9sek keret\u00e9ben vagy piackutat\u00e1si c\u00e9lokb\u00f3l t\u00f6rt\u00e9n\u0151 kapcsolatfelv\u00e9tel c\u00e9lj\u00e1b\u00f3l.<\/li>\n\n\n\n<li><strong>Term\u00e9kfejleszt\u00e9s:\u00a0<\/strong>Term\u00e9kmenedzsment \u00e9s -fejleszt\u00e9s c\u00e9lj\u00e1b\u00f3l t\u00f6rt\u00e9n\u0151 inform\u00e1ci\u00f3gy\u0171jt\u00e9shez haszn\u00e1lhatunk nem beazonos\u00edthat\u00f3 \u00f6sszes\u00edtett adatokat. P\u00e9ld\u00e1ul k\u00f6z\u00f6lhetj\u00fck \u00e9rt\u00e9kes\u00edt\u00e9si \u00e9s marketing munkat\u00e1rsainkkal, hogy X sz\u00e1m\u00fa szem\u00e9ly l\u00e1togatott el weboldalunk egy bizonyos ter\u00fclet\u00e9re, vagy hogy Y sz\u00e1m\u00fa szoftverlicencet rendeltek egy adott id\u0151szakban. Ezeket az \u00f6sszes\u00edtett inform\u00e1ci\u00f3kat megoszthatjuk a kapcsolt v\u00e1llalkoz\u00e1sainkkal \u00e9s f\u00fcggetlen keresked\u0151inkkel is.<\/li>\n\n\n\n<li><strong>Marketing:\u00a0<\/strong>k\u00fcl\u00f6nleges esem\u00e9nyekr\u0151l, programokr\u00f3l, felm\u00e9r\u00e9sekr\u0151l, versenyekr\u0151l, nyerem\u00e9nyj\u00e1t\u00e9kokr\u00f3l \u00e9s egy\u00e9b aj\u00e1nlatokr\u00f3l \u00e9s prom\u00f3ci\u00f3kr\u00f3l val\u00f3 t\u00e1j\u00e9koztat\u00e1s \u00e9s az azokban val\u00f3 r\u00e9szv\u00e9tel adminisztr\u00e1l\u00e1sa; az \u00e1ltalunk vagy m\u00e1sok \u00e1ltal k\u00edn\u00e1lt egy\u00e9b \u00e1rukr\u00f3l \u00e9s szolg\u00e1ltat\u00e1sokr\u00f3l val\u00f3 t\u00e1j\u00e9koztat\u00e1s, amelyek hasonl\u00f3ak azokhoz, amelyeket \u00d6n m\u00e1r megv\u00e1s\u00e1rolt vagy amelyekr\u0151l \u00e9rdekl\u0151d\u00f6tt, valamint t\u00e1j\u00e9koztat\u00f3 vagy prom\u00f3ci\u00f3s e-mail \u00fczenetek k\u00fcld\u00e9se \u00d6nnek, amelyek fogad\u00e1s\u00e1t az al\u00e1bbiakban le\u00edrtak szerint lemondhatja.<\/li>\n<\/ul>\n\n\n\n<p><strong>4. Milyen jogalapon gy\u0171jtj\u00fck \u00e9s haszn\u00e1ljuk fel az EU\/EGT lakosok szem\u00e9lyes adatait?<\/strong><\/p>\n\n\n\n<p>Az \u00d6n szem\u00e9lyes adatait gy\u0171jtj\u00fck \u00e9s felhaszn\u00e1ljuk (i) olyan szerz\u0151d\u00e9s teljes\u00edt\u00e9se c\u00e9lj\u00e1b\u00f3l, amelyben \u00d6n a szerz\u0151d\u0151 f\u00e9l, vagy annak \u00e9rdek\u00e9ben, hogy az \u00d6n k\u00e9r\u00e9s\u00e9re l\u00e9p\u00e9seket tegy\u00fcnk a szerz\u0151d\u00e9s megk\u00f6t\u00e9se el\u0151tt, \u00e9s\/vagy (ii) direkt marketing c\u00e9lokra, \u00e9s\/vagy (iii) jogos \u00e9rdekeink \u00e9s az \u00d6n alapvet\u0151 jogainak \u00e9s szabads\u00e1gainak tiszteletben tart\u00e1sa \u00e9rdek\u00e9ben, \u00e9s\/vagy (iv) jogi k\u00f6telezetts\u00e9g miatt, \u00e9s\/vagy (v) az \u00d6n l\u00e9tfontoss\u00e1g\u00fa \u00e9rdekeinek v\u00e9delme \u00e9rdek\u00e9ben.<\/p>\n\n\n\n<p><strong>5. Szem\u00e9lyes adataimat tov\u00e1bb\u00edtj\u00e1k-e harmadik f\u00e9lnek?<\/strong><\/p>\n\n\n\n<p>Szem\u00e9lyes adatokat a k\u00f6vetkez\u0151 kateg\u00f3ri\u00e1kba tartoz\u00f3 harmadik f\u00e9llelk\u00f6z\u00f6lhet\u00fcnk:<\/p>\n\n\n\n<ul class=\"wp-block-list\">\n<li><strong>&#8222;T\u00e1rsak.&#8221;\u00a0<\/strong>A jelen Adatv\u00e9delmi szab\u00e1lyzatban le\u00edrt c\u00e9lokb\u00f3l megosztjuk a kapcsolt v\u00e1llalkoz\u00e1sainkkal.<\/li>\n\n\n\n<li><strong>&#8222;Szolg\u00e1ltat\u00f3k.&#8221;\u00a0<\/strong>Megb\u00edzhat\u00f3 harmadik f\u00e9l szolg\u00e1ltat\u00f3kkal megosztjuk, hogy megk\u00f6nny\u00edts\u00fck az \u00e1ltaluk sz\u00e1munkra ny\u00fajtott szolg\u00e1ltat\u00e1sokat, mint p\u00e9ld\u00e1ul internetes szolg\u00e1ltat\u00e1sok, weboldal hosting, adatelemz\u00e9s, a munkab\u00e9rfizet\u00e9s, megrendel\u00e9sek teljes\u00edt\u00e9se, informatika \u00e9s a kapcsol\u00f3d\u00f3 infrastrukt\u00fara biztos\u00edt\u00e1sa, \u00fcgyf\u00e9lszolg\u00e1lat, e-mail k\u00e9zbes\u00edt\u00e9s, marketing, audit\u00e1l\u00e1s, h\u00e1tt\u00e9rellen\u0151rz\u00e9s \u00e9s egy\u00e9b szolg\u00e1ltat\u00e1sok.<\/li>\n\n\n\n<li><strong>&#8222;K\u00f6z\u00f6ss\u00e9gi h\u00e1l\u00f3zatok&#8221;\u00a0<\/strong>Megosztjuk a k\u00f6z\u00f6ss\u00e9gi h\u00e1l\u00f3zati platformokkal, amelyek az \u00e1ltalunk megosztott adatokat saj\u00e1t adatv\u00e9delmi ir\u00e1nyelveiknek megfelel\u0151en haszn\u00e1lj\u00e1k.<\/li>\n\n\n\n<li><strong>&#8222;\u00dczleti partnerek.&#8221;\u00a0<\/strong>Megosztjuk megb\u00edzhat\u00f3 \u00fczleti partnereinkkel<\/li>\n\n\n\n<li><strong>&#8222;Marketingpartnerek.&#8221;\u00a0<\/strong>Megosztjuk marketingpartnereinkkel, hogy lehet\u0151v\u00e9 tegy\u00fck sz\u00e1mukra, hogy az \u00d6n v\u00e1laszt\u00e1saival \u00f6sszhangban marketing\u00fczeneteket k\u00fcldjenek \u00d6nnek.<\/li>\n\n\n\n<li><strong>&#8222;Hitelint\u00e9zetek&#8221;\u00a0<\/strong>Az \u00d6n hitelt\u00f6rt\u00e9net\u00e9re vonatkoz\u00f3 inform\u00e1ci\u00f3kat megosztjuk a hitelint\u00e9zetekkel.<\/li>\n\n\n\n<li><strong>&#8222;Hat\u00f3s\u00e1gok.&#8221;\u00a0<\/strong>Megosztjuk az \u00e1llami \u00e9s korm\u00e1nyzati hat\u00f3s\u00e1gokkal, bele\u00e9rtve a szab\u00e1lyoz\u00f3 hat\u00f3s\u00e1gokat \u00e9s a b\u0171n\u00fcld\u00f6z\u0151 szerveket, hogy v\u00e1laszoljunk a megkeres\u00e9s\u00fckre, valamint, hogy megv\u00e9dj\u00fck a t\u00f6rv\u00e9nyes jogokat.<\/li>\n\n\n\n<li><strong>&#8222;M\u00e1s peres felek&#8221;\u00a0<\/strong>Inform\u00e1ci\u00f3kat osztunk meg a peres \u00fcgyek felt\u00e1r\u00e1s\u00e1val \u00f6sszef\u00fcgg\u00e9sben, valamint id\u00e9z\u00e9sre \u00e9s b\u00edr\u00f3s\u00e1gi v\u00e9gz\u00e9sekre v\u00e1laszul.<\/li>\n<\/ul>\n\n\n\n<p>Az elm\u00falt 12 h\u00f3napban m\u0171k\u00f6d\u00e9si \u00fczleti c\u00e9ljaink \u00e9rdek\u00e9ben a szem\u00e9lyes adatok al\u00e1bbi kateg\u00f3ri\u00e1it adtuk \u00e1t harmadik felek al\u00e1bbi kateg\u00f3ri\u00e1inak:<\/p>\n\n\n\n<figure class=\"wp-block-table\"><table class=\"has-fixed-layout\"><thead><tr><th>A szem\u00e9lyes adatok kateg\u00f3ri\u00e1i<\/th><th>Mely harmadik felek mely kateg\u00f3ri\u00e1i sz\u00e1m\u00e1ra hozhat\u00f3 nyilv\u00e1noss\u00e1gra operat\u00edv \u00fczleti c\u00e9lokb\u00f3l<\/th><\/tr><\/thead><tbody><tr><td>Azonos\u00edt\u00f3k<\/td><td>Partnerek, \u00fczleti partnerek, jogi hat\u00f3s\u00e1gok, szolg\u00e1ltat\u00f3k, marketing partnerek<\/td><\/tr><tr><td>Kereskedelmi inform\u00e1ci\u00f3k<\/td><td>Partnerek, szolg\u00e1ltat\u00f3k<\/td><\/tr><tr><td>P\u00e9nz\u00fcgyi inform\u00e1ci\u00f3k<\/td><td>Partnerek, jogi hat\u00f3s\u00e1gok, szolg\u00e1ltat\u00f3k<\/td><\/tr><tr><td>M\u0171szaki \u00e9s internethaszn\u00e1lati inform\u00e1ci\u00f3k<\/td><td>szolg\u00e1ltat\u00f3k<\/td><\/tr><tr><td>Oktat\u00e1si inform\u00e1ci\u00f3k<\/td><td>szolg\u00e1ltat\u00f3k, marketing partnerek<\/td><\/tr><tr><td>Szakmai\/foglalkoztat\u00e1ssal kapcsolatos inform\u00e1ci\u00f3k<\/td><td>szolg\u00e1ltat\u00f3k<\/td><\/tr><tr><td>\u00c9rz\u00e9kszervi inform\u00e1ci\u00f3k<\/td><td>szolg\u00e1ltat\u00f3k<\/td><\/tr><tr><td>Geolok\u00e1ci\u00f3s inform\u00e1ci\u00f3k<\/td><td>szolg\u00e1ltat\u00f3k<\/td><\/tr><\/tbody><\/table><\/figure>\n\n\n\n<p><strong>6. Mennyi ideig t\u00e1rolj\u00e1k a szem\u00e9lyes adataimat?<\/strong><\/p>\n\n\n\n<p>Arra t\u00f6reksz\u00fcnk, hogy szem\u00e9lyes adatait ne \u0151rizz\u00fck meg olyan form\u00e1ban, amely lehet\u0151v\u00e9 teszi az \u00d6n azonos\u00edt\u00e1s\u00e1t az enged\u00e9lyezett c\u00e9lok el\u00e9r\u00e9s\u00e9hez \u00e9sszer\u0171en sz\u00fcks\u00e9gesn\u00e9l hosszabb ideig. Ez azt jelenti, hogy az inform\u00e1ci\u00f3kat megsemmis\u00edtj\u00fck vagy t\u00f6r\u00f6lj\u00fck a rendszereinkb\u0151l, illetve anonimiz\u00e1ljuk, amikor el\u00e9rik a vonatkoz\u00f3 meg\u0151rz\u00e9si id\u0151szakot.<\/p>\n\n\n\n<p><strong>7. Szem\u00e9lyes adataim tov\u00e1bb\u00edt\u00e1sra ker\u00fclnek m\u00e1s orsz\u00e1gokba?<\/strong><\/p>\n\n\n\n<p>Glob\u00e1lis v\u00e1llalat vagyunk, \u00e9s az \u00d6n orsz\u00e1g\u00e1n k\u00edv\u00fcli orsz\u00e1gokban is feldolgozhatunk, t\u00e1rolhatunk \u00e9s tov\u00e1bb\u00edthatunk \u00e1ltalunk gy\u0171jt\u00f6tt szem\u00e9lyes adatokat, felt\u00e9ve, hogy a vonatkoz\u00f3 jogszab\u00e1lyokban meghat\u00e1rozott felt\u00e9telek teljes\u00fclnek.<\/p>\n\n\n\n<p>A Snap-on csoport tagjaival inform\u00e1ci\u00f3\u00e1tad\u00e1si meg\u00e1llapod\u00e1st k\u00f6t\u00f6tt\u00fcnk, \u00e9s ezt a dokumentumot a hat\u00e1lyos jogszab\u00e1lyoknak megfelel\u0151en naprak\u00e9szen tartjuk. Az \u00e9rv\u00e9nyben l\u00e9v\u0151 biztos\u00edt\u00e9kokr\u00f3l tov\u00e1bbi inform\u00e1ci\u00f3\u00e9rt k\u00e9rj\u00fck, forduljon a DataProtectionManager@snapon.com c\u00edmre.<\/p>\n\n\n\n<p><strong>8. Milyen biztons\u00e1gi int\u00e9zked\u00e9sek v\u00e9dik a szem\u00e9lyes adataimat?<\/strong><\/p>\n\n\n\n<p>Igyeksz\u00fcnk megv\u00e9deni az \u00d6n szem\u00e9lyes adatainak biztons\u00e1g\u00e1t. Igyeksz\u00fcnk adminisztrat\u00edv, technikai \u00e9s fizikai biztos\u00edt\u00e9kokat fenntartani az \u00d6n szem\u00e9lyes adatainak elveszt\u00e9se, vissza\u00e9l\u00e9se, illet\u00e9ktelen hozz\u00e1f\u00e9r\u00e9se, k\u00f6zz\u00e9t\u00e9tele, megv\u00e1ltoztat\u00e1sa vagy megsemmis\u00edt\u00e9se elleni v\u00e9delem \u00e9rdek\u00e9ben.<\/p>\n\n\n\n<p>Sajnos az interneten kereszt\u00fcl t\u00f6rt\u00e9n\u0151 inform\u00e1ci\u00f3\u00e1tvitel nem teljesen biztons\u00e1gos. B\u00e1r igyeksz\u00fcnk megv\u00e9deni az \u00d6n szem\u00e9lyes adatait, nem tudjuk garant\u00e1lni a hozz\u00e1nk tov\u00e1bb\u00edtott vagy a rendszereinkben t\u00e1rolt szem\u00e9lyes adatok biztons\u00e1g\u00e1t; minden tov\u00e1bb\u00edt\u00e1s az \u00d6n saj\u00e1t felel\u0151ss\u00e9g\u00e9re t\u00f6rt\u00e9nik. Miut\u00e1n megkaptuk az \u00d6n szem\u00e9lyes adatait, elj\u00e1r\u00e1sokkal \u00e9s biztons\u00e1gi funkci\u00f3kkal pr\u00f3b\u00e1ljuk megakad\u00e1lyozni a jogosulatlan hozz\u00e1f\u00e9r\u00e9st. Ezek az elj\u00e1r\u00e1sok fizikai, elektronikus \u00e9s vezet\u0151i elj\u00e1r\u00e1sokat foglalnak magukban.<\/p>\n\n\n\n<p><strong>9. Hogyan tudom friss\u00edteni vagy el\u00e9rni a szem\u00e9lyes adataimat?<\/strong><\/p>\n\n\n\n<p>K\u00e9rj\u00fck, hogy a szem\u00e9lyes adatait tartsa naprak\u00e9szen, hogy a lehet\u0151 legt\u00f6bbet kaphassa t\u0151l\u00fcnk.<\/p>\n\n\n\n<p>Ha van n\u00e1lunk fi\u00f3kja, \u00e9s friss\u00edteni szeretn\u00e9 szem\u00e9lyes adatait, k\u00e9rj\u00fck, l\u00e9pjen kapcsolatba vel\u00fcnk a weboldalon tal\u00e1lhat\u00f3 \u00fcgyf\u00e9lszolg\u00e1laton kereszt\u00fcl.<\/p>\n\n\n\n<p><strong>10. Milyen konkr\u00e9t jogaim vannak a szem\u00e9lyes adataimmal kapcsolatban a lak\u00f3helyem alapj\u00e1n?<\/strong><\/p>\n\n\n\n<ul class=\"wp-block-list\">\n<li><strong>Az Eur\u00f3pai Uni\u00f3 \u00e9s az Eur\u00f3pai Gazdas\u00e1gi T\u00e9rs\u00e9g lakosai.\u00a0<\/strong>A k\u00f6r\u00fclm\u00e9nyekt\u0151l f\u00fcgg\u0151en az \u00e1ltal\u00e1nos adatv\u00e9delmi rendelet (GDPR) jogot biztos\u00edthat \u00d6nnek arra, hogy:<ul><li>hozz\u00e1f\u00e9r\u00e9st k\u00e9rhet az \u00d6nr\u0151l t\u00e1rolt szem\u00e9lyes adataihoz;<\/li><li>tiltakozhat az \u00d6n adatainak k\u00f6zvetlen marketing c\u00e9l\u00fa feldolgoz\u00e1sa ellen;<\/li><li>k\u00e9rheti az \u00d6nr\u0151l t\u00e1rolt pontatlan inform\u00e1ci\u00f3k m\u00f3dos\u00edt\u00e1s\u00e1t vagy friss\u00edt\u00e9s\u00e9t;<\/li><li>bizonyos korl\u00e1tozott helyzetekben k\u00e9rheti adatai t\u00f6rl\u00e9s\u00e9t vagy a feldolgoz\u00e1s korl\u00e1toz\u00e1s\u00e1t;<\/li><li>k\u00e9rheti az \u00d6n szem\u00e9lyes adatainak \u00e1tvitel\u00e9t egy m\u00e1sik, az \u00d6n szem\u00e9lyes adatait kezel\u0151 szervezethez; \u00e9s\/vagy<\/li><li>tiltakozhat az \u00d6nt jelent\u0151sen \u00e9rint\u0151 olyan d\u00f6nt\u00e9sek ellen, amelyeket kiz\u00e1r\u00f3lag sz\u00e1m\u00edt\u00f3g\u00e9p vagy m\u00e1s automatiz\u00e1lt elj\u00e1r\u00e1s hoz.<\/li><\/ul>Ha \u00d6n az Eur\u00f3pai Uni\u00f3 vagy az Eur\u00f3pai Gazdas\u00e1gi T\u00e9rs\u00e9g lakosa, \u00e9s hivatalos k\u00e9relmet k\u00edv\u00e1n beny\u00fajtani az \u00d6nr\u0151l t\u00e1rolt inform\u00e1ci\u00f3kra vonatkoz\u00f3an, itt l\u00e9phet kapcsolatba vel\u00fcnk. K\u00e9r\u00e9s\u00e9re a GDPR-nak megfelel\u0151en fogunk v\u00e1laszolni.<\/li>\n\n\n\n<li><strong>Kaliforniai lakosok:\u00a0<\/strong>A kaliforniai lakosok sz\u00e1m\u00e1ra a Kaliforniai Fogyaszt\u00f3i Adatv\u00e9delmi T\u00f6rv\u00e9ny (&#8222;CCPA&#8221;) k\u00fcl\u00f6nleges jogokat biztos\u00edt szem\u00e9lyes adataikkal kapcsolatban. \u00d6nnek joga van ahhoz, hogy a CCPA szerinti jogai gyakorl\u00e1sa miatt ne \u00e9rje jogellenes megk\u00fcl\u00f6nb\u00f6ztet\u00e9s. Ez a szakasz ismerteti az \u00d6n CCPA szerinti jogait, \u00e9s elmagyar\u00e1zza, hogyan gyakorolhatja ezeket a jogokat.<\/li>\n\n\n\n<li><strong>A k\u00fcl\u00f6nleges inform\u00e1ci\u00f3khoz val\u00f3 hozz\u00e1f\u00e9r\u00e9s \u00e9s az adatok hordozhat\u00f3s\u00e1ga:\u00a0<\/strong>A szem\u00e9lyes adatainak az elm\u00falt 12 h\u00f3nap sor\u00e1n t\u00f6rt\u00e9nt gy\u0171jt\u00e9s\u00e9r\u0151l \u00e9s felhaszn\u00e1l\u00e1s\u00e1r\u00f3l sz\u00f3l\u00f3 bizonyos inform\u00e1ci\u00f3k k\u00f6zl\u00e9s\u00e9t k\u00e9rheti, bele\u00e9rtve a k\u00f6vetkez\u0151ket:\n<ul class=\"wp-block-list\">\n<li>Az \u00d6nr\u0151l gy\u0171jt\u00f6tt szem\u00e9lyes adatok kateg\u00f3ri\u00e1i.<\/li>\n\n\n\n<li>Az \u00d6nr\u0151l gy\u0171jt\u00f6tt szem\u00e9lyes adatok forr\u00e1sainak kateg\u00f3ri\u00e1i.<\/li>\n\n\n\n<li>A szem\u00e9lyes adatok gy\u0171jt\u00e9s\u00e9nek \u00fczleti vagy kereskedelmi c\u00e9lja.<\/li>\n\n\n\n<li>Az \u00d6nre vonatkoz\u00f3 Szem\u00e9lyes adatok kateg\u00f3ri\u00e1i, amelyeket megosztottunk vagy nyilv\u00e1noss\u00e1gra hoztunk, \u00e9s minden egyes kateg\u00f3ri\u00e1n\u00e1l azon harmadik felek kateg\u00f3ri\u00e1i, akikkel megosztottuk vagy akiknek nyilv\u00e1noss\u00e1gra hoztuk ezeket a Szem\u00e9lyes adatokat.<\/li>\n\n\n\n<li>Az \u00d6nr\u0151l gy\u0171jt\u00f6tt konkr\u00e9t szem\u00e9lyes adatok (m\u00e1s n\u00e9ven adathordozhat\u00f3s\u00e1gi k\u00e9relem).<\/li>\n<\/ul>\n<\/li>\n\n\n\n<li><strong>T\u00f6rl\u00e9si k\u00e9relem jogai:\u00a0<\/strong>\u00d6n jogosult k\u00e9rni, hogy bizonyos kiv\u00e9telekt\u0151l eltekintve t\u00f6r\u00f6lj\u00fck az \u00d6nt\u0151l gy\u0171jt\u00f6tt \u00e9s meg\u0151rz\u00f6tt szem\u00e9lyes adatait. Amint megkapjuk \u00e9s meger\u0151s\u00edtj\u00fck az \u00d6n igazolhat\u00f3 fogyaszt\u00f3i k\u00e9r\u00e9s\u00e9t, t\u00f6r\u00f6lni fogjuk (\u00e9s utas\u00edtjuk szolg\u00e1ltat\u00f3inkat, hogy t\u00f6r\u00f6lj\u00e9k) az \u00d6n szem\u00e9lyes adatait a nyilv\u00e1ntart\u00e1sunkb\u00f3l, kiv\u00e9ve, ha valamely kiv\u00e9tel vonatkozik r\u00e1. A B2B szem\u00e9lyes adatokra vonatkoz\u00f3an nem biztos\u00edtjuk ezeket a t\u00f6rl\u00e9si jogokat. Elutas\u00edthatjuk az \u00d6n t\u00f6rl\u00e9si k\u00e9relm\u00e9t, ha az adatok meg\u0151rz\u00e9se sz\u00fcks\u00e9ges ahhoz, hogy mi vagy a szolg\u00e1ltat\u00f3(k):\n<ul class=\"wp-block-list\">\n<li>A tranzakci\u00f3 befejez\u00e9se, amelyhez a szem\u00e9lyes adatokat gy\u0171jt\u00f6tt\u00fck, az \u00d6n \u00e1ltal k\u00e9rt \u00e1ru vagy szolg\u00e1ltat\u00e1s ny\u00fajt\u00e1sa, az \u00d6nnel fenn\u00e1ll\u00f3 \u00fczleti kapcsolatunk keret\u00e9ben \u00e9sszer\u0171en elv\u00e1rhat\u00f3 int\u00e9zked\u00e9sek megt\u00e9tele, a sz\u00f6vets\u00e9gi t\u00f6rv\u00e9nyekkel \u00f6sszhangban v\u00e9grehajtott \u00edr\u00e1sbeli garancia vagy term\u00e9kvisszah\u00edv\u00e1s felt\u00e9teleinek teljes\u00edt\u00e9se, vagy az \u00d6nnel k\u00f6t\u00f6tt szerz\u0151d\u00e9s\u00fcnk egy\u00e9b m\u00f3don t\u00f6rt\u00e9n\u0151 teljes\u00edt\u00e9se.<\/li>\n\n\n\n<li>Biztons\u00e1gi incidensek felder\u00edt\u00e9se, v\u00e9delem a rosszindulat\u00fa, megt\u00e9veszt\u0151, csal\u00e1rd vagy illeg\u00e1lis tev\u00e9kenys\u00e9gekkel szemben, illetve az ilyen tev\u00e9kenys\u00e9gek\u00e9rt felel\u0151s szem\u00e9lyek felel\u0151ss\u00e9gre von\u00e1sa.<\/li>\n\n\n\n<li>A term\u00e9kek hibakeres\u00e9se a megl\u00e9v\u0151 tervezett funkci\u00f3kat k\u00e1ros\u00edt\u00f3 hib\u00e1k azonos\u00edt\u00e1sa \u00e9s jav\u00edt\u00e1sa \u00e9rdek\u00e9ben.<\/li>\n\n\n\n<li>Sz\u00f3l\u00e1sszabads\u00e1g gyakorl\u00e1sa, m\u00e1s fogyaszt\u00f3 sz\u00f3l\u00e1sszabads\u00e1ghoz val\u00f3 jog\u00e1nak biztos\u00edt\u00e1sa, vagy m\u00e1s, t\u00f6rv\u00e9nyben biztos\u00edtott jog gyakorl\u00e1sa.<\/li>\n\n\n\n<li>Megfelel a kaliforniai elektronikus h\u00edrk\u00f6zl\u00e9si adatv\u00e9delmi t\u00f6rv\u00e9nynek (Cal. Penal Code \u00a7 1546 et. seq.).<\/li>\n\n\n\n<li>K\u00f6z\u00e9rdek\u0171, nyilv\u00e1nos vagy szak\u00e9rt\u0151i v\u00e9lem\u00e9nyezett tudom\u00e1nyos, t\u00f6rt\u00e9nelmi vagy statisztikai kutat\u00e1sban val\u00f3 r\u00e9szv\u00e9tel, amely megfelel az \u00f6sszes t\u00f6bbi alkalmazand\u00f3 etikai \u00e9s adatv\u00e9delmi t\u00f6rv\u00e9nynek, ha az adatok t\u00f6rl\u00e9se val\u00f3sz\u00edn\u0171leg lehetetlenn\u00e9 tenn\u00e9 vagy s\u00falyosan vesz\u00e9lyeztetn\u00e9 a kutat\u00e1s eredm\u00e9nyess\u00e9g\u00e9t, ha \u00d6n kor\u00e1bban t\u00e1j\u00e9kozott beleegyez\u00e9s\u00e9t adta.<\/li>\n\n\n\n<li>Kiz\u00e1r\u00f3lag olyan bels\u0151 felhaszn\u00e1l\u00e1sokat tegyen lehet\u0151v\u00e9, amelyek \u00e9sszer\u0171en \u00f6sszhangban vannak a vel\u00fcnk val\u00f3 kapcsolata alapj\u00e1n a fogyaszt\u00f3i elv\u00e1r\u00e1sokkal.<\/li>\n\n\n\n<li>Jogi k\u00f6telezetts\u00e9gnek val\u00f3 megfelel\u00e9s.<\/li>\n\n\n\n<li>Az inform\u00e1ci\u00f3 egy\u00e9b bels\u0151 \u00e9s jogszer\u0171 felhaszn\u00e1l\u00e1sa, amely \u00f6sszeegyeztethet\u0151 azzal a kontextussal, amelyben \u00d6n az inform\u00e1ci\u00f3t megadta.<\/li>\n<\/ul>\n<\/li>\n\n\n\n<li><strong>Hozz\u00e1f\u00e9r\u00e9si, adathordozhat\u00f3s\u00e1gi \u00e9s t\u00f6rl\u00e9si jogok gyakorl\u00e1sa.<\/strong>\n<ul class=\"wp-block-list\">\n<li>A fentiekben le\u00edrt jogok gyakorl\u00e1s\u00e1hoz k\u00e9rj\u00fck, ny\u00fajtson be egy igazolhat\u00f3 fogyaszt\u00f3i k\u00e9relmet hozz\u00e1nk a k\u00f6vetkez\u0151 m\u00f3don:\n<ul class=\"wp-block-list\">\n<li>H\u00edvjon minket ingyenesen a 844-972-1285-\u00f6s sz\u00e1mon; vagy<\/li>\n\n\n\n<li>Vegye fel vel\u00fcnk a kapcsolatot itt.<\/li>\n<\/ul>\n<\/li>\n\n\n\n<li>Az alkalmazand\u00f3 jogszab\u00e1lyoknak megfelel\u0151en, a k\u00e9relem t\u00e1rgy\u00e1t k\u00e9pez\u0151 szem\u00e9lyes adatok t\u00edpus\u00e1t \u00e9s \u00e9rz\u00e9kenys\u00e9g\u00e9t figyelembe v\u00e9ve ellen\u0151rizz\u00fck \u00e9s megv\u00e1laszoljuk az \u00d6n megismer\u00e9si vagy t\u00f6rl\u00e9si k\u00e9relm\u00e9t. El\u0151fordulhat, hogy tov\u00e1bbi szem\u00e9lyes adatokat kell k\u00e9rn\u00fcnk \u00d6nt\u0151l, p\u00e9ld\u00e1ul a legut\u00f3bbi v\u00e1s\u00e1rl\u00e1si vagy interakci\u00f3s el\u0151zm\u00e9nyeket, hogy ellen\u0151rizz\u00fck szem\u00e9lyazonoss\u00e1g\u00e1t \u00e9s v\u00e9dekezz\u00fcnk a csal\u00e1rd k\u00e9r\u00e9sekkel szemben. Ha \u00d6n t\u00f6rl\u00e9si k\u00e9relmet ny\u00fajt be, k\u00e9rhetj\u00fck, hogy er\u0151s\u00edtse meg k\u00e9r\u00e9s\u00e9t, miel\u0151tt t\u00f6r\u00f6ln\u00e9nk Szem\u00e9lyes adatait.<\/li>\n\n\n\n<li>Ha \u00d6n a fogyaszt\u00f3 meghatalmazottja, \u00e9s a fogyaszt\u00f3 nev\u00e9ben tesz megismer\u00e9si vagy t\u00f6rl\u00e9si k\u00e9relmet, akkor a k\u00f6vetkez\u0151ket fogjuk k\u00e9rni \u00d6nt\u0151l:\n<ul class=\"wp-block-list\">\n<li>a kaliforniai \u00e1llamtitk\u00e1rn\u00e1l t\u00f6rt\u00e9n\u0151, a kaliforniai \u00fczleti tev\u00e9kenys\u00e9g folytat\u00e1s\u00e1ra vonatkoz\u00f3 regisztr\u00e1ci\u00f3j\u00e1nak igazol\u00e1sa; \u00e9s<\/li>\n\n\n\n<li>bizony\u00edt\u00e9kot arr\u00f3l, hogy a fogyaszt\u00f3 felhatalmazta \u00d6nt arra, hogy a fogyaszt\u00f3 nev\u00e9ben megismer\u00e9si vagy t\u00f6rl\u00e9si k\u00e9relmet ny\u00fajtson be. Ennek a fogyaszt\u00f3 \u00e1ltal al\u00e1\u00edrt enged\u00e9lynek kell lennie. Az &#8222;al\u00e1\u00edrt&#8221; azt jelenti, hogy az enged\u00e9lyt fizikailag al\u00e1\u00edrt\u00e1k, vagy elektronikus \u00faton adt\u00e1k meg az Egys\u00e9ges Elektronikus Tranzakci\u00f3kr\u00f3l sz\u00f3l\u00f3 t\u00f6rv\u00e9nynek (Uniform Electronic Transactions Act, Civil Code 1633.7 et seq.) megfelel\u0151en.<\/li>\n<\/ul>\n<\/li>\n\n\n\n<li>Ha a meghatalmazott nem bocs\u00e1totta rendelkez\u00e9s\u00fcnkre a fogyaszt\u00f3 meghatalmaz\u00e1s\u00e1t a hagyat\u00e9ki t\u00f6rv\u00e9nyk\u00f6nyv 4000-4465. szakaszai szerint, mi is jogosultak vagyunk:\n<ul class=\"wp-block-list\">\n<li>megk\u00f6vetelni a fogyaszt\u00f3t\u00f3l, hogy a fogyaszt\u00f3 \u00e1ltal al\u00e1\u00edrt \u00edr\u00e1sbeli enged\u00e9lyt adjon \u00d6nnek arra, hogy a fogyaszt\u00f3 nev\u00e9ben a k\u00e9relmet beny\u00fajthassa,<\/li>\n\n\n\n<li>a fogyaszt\u00f3 szem\u00e9lyazonoss\u00e1g\u00e1nak ellen\u0151rz\u00e9se, mintha a fogyaszt\u00f3 szem\u00e9lyesen ny\u00fajtan\u00e1 be a k\u00e9relmet, \u00e9s<\/li>\n\n\n\n<li>a fogyaszt\u00f3 igazolja, hogy a fogyaszt\u00f3 enged\u00e9lyt adott a meghatalmazottnak a k\u00e9relem beny\u00fajt\u00e1s\u00e1ra.<\/li>\n<\/ul>\n<\/li>\n<\/ul>\n<\/li>\n\n\n\n<li><strong>Egy\u00e9b \u00e9rtes\u00edt\u00e9sek a kaliforniai lakosok sz\u00e1m\u00e1ra:<\/strong>\n<ul class=\"wp-block-list\">\n<li>Kaliforniai &#8222;Do Not Track&#8221; k\u00f6zz\u00e9t\u00e9tel. Nem k\u00f6vetj\u00fck nyomon \u00fcgyfeleinket id\u0151ben \u00e9s harmadik felek weboldalain kereszt\u00fcl, hogy c\u00e9lzott hirdet\u00e9seket ny\u00fajtsunk, ez\u00e9rt \u00e1ltal\u00e1ban nem reag\u00e1lunk a Do Not Track (DNT) jelz\u00e9sekre.<\/li>\n\n\n\n<li>A CCPA \u00e9rtelm\u00e9ben a kaliforniai lakosoknak joguk van arra, hogy szem\u00e9lyes adataik elad\u00e1s\u00e1r\u00f3l lemondjanak.<\/li>\n\n\n\n<li>NEM &#8222;ADTUNK EL&#8221; SZEM\u00c9LYES ADATOKAT A CCPA C\u00c9LJAIRA.<\/li>\n\n\n\n<li>Ha \u00d6n 18 \u00e9v alatti kaliforniai lakos \u00e9s weboldalaink regisztr\u00e1lt felhaszn\u00e1l\u00f3ja, k\u00e9rheti, hogy t\u00e1vol\u00edtsuk el az \u00d6n \u00e1ltal k\u00f6zz\u00e9tett tartalmat vagy inform\u00e1ci\u00f3t, ha \u00edr\u00e1sban fordul az adatv\u00e9delmi menedzser\u00fcnkh\u00f6z a DataProtectionManager@snapon.com c\u00edmen. Felh\u00edvjuk figyelm\u00e9t, hogy k\u00e9r\u00e9se nem biztos\u00edtja a tartalom vagy inform\u00e1ci\u00f3 teljes vagy \u00e1tfog\u00f3 elt\u00e1vol\u00edt\u00e1s\u00e1t, mivel p\u00e9ld\u00e1ul el\u0151fordulhat, hogy az \u00d6n tartalm\u00e1nak egy r\u00e9sz\u00e9t egy m\u00e1sik felhaszn\u00e1l\u00f3 \u00fajra k\u00f6zz\u00e9tette.<\/li>\n<\/ul>\n<\/li>\n\n\n\n<li><strong>Nevadai lakosok:\u00a0<\/strong>A nevadai lakosok k\u00e9rhetik, hogy a weboldal \u00fczemeltet\u0151i ne adj\u00e1k el a fogyaszt\u00f3k &#8222;fedett adatait&#8221; a nevadai t\u00f6rv\u00e9nyek meghat\u00e1roz\u00e1sa szerint. A NEVADAI T\u00d6RV\u00c9NYEK \u00c9RTELM\u00c9BEN NEM &#8222;ADTUNK EL&#8221; FEDETT INFORM\u00c1CI\u00d3KAT. Ha \u00d6n nevadai lakos, \u00e9s tov\u00e1bbi inform\u00e1ci\u00f3t szeretne k\u00e9rni az \u00d6n fedett adatainak \u00e9rt\u00e9kes\u00edt\u00e9s\u00e9vel kapcsolatban, k\u00e9rj\u00fck, forduljon a DataProtectionManager@snapon.com c\u00edmre.<\/li>\n<\/ul>\n\n\n\n<p><strong>11. Hogyan tilthatom le, hogy rekl\u00e1mc\u00e9lokb\u00f3l felvegy\u00e9k velem a kapcsolatot?<\/strong><\/p>\n\n\n\n<p>Jog\u00e1ban \u00e1ll k\u00e9rni, hogy ne k\u00fcldj\u00fcnk \u00d6nnek marketingk\u00f6zlem\u00e9nyeket. \u00c1ltal\u00e1ban t\u00e1j\u00e9koztatjuk \u00d6nt (a szem\u00e9lyes adatok gy\u0171jt\u00e9se el\u0151tt), ha az \u00d6n szem\u00e9lyes adatait ilyen c\u00e9lokra k\u00edv\u00e1njuk felhaszn\u00e1lni, vagy ha az \u00d6n adatait ilyen c\u00e9lokra harmadik f\u00e9lnek k\u00edv\u00e1njuk \u00e1tadni. \u00d6n gyakorolhatja az ilyen feldolgoz\u00e1s megakad\u00e1lyoz\u00e1s\u00e1ra vonatkoz\u00f3 jog\u00e1t, ha bejel\u00f6l bizonyos n\u00e9gyzeteket az \u00e1ltalunk a szem\u00e9lyes adatok gy\u0171jt\u00e9s\u00e9re haszn\u00e1lt \u0171rlapokon. Az ilyen feldolgoz\u00e1s megakad\u00e1lyoz\u00e1s\u00e1hoz val\u00f3 jog\u00e1t b\u00e1rmikor gyakorolhatja az al\u00e1bbiak szerint is:<\/p>\n\n\n\n<ul class=\"wp-block-list\">\n<li>A leiratkoz\u00e1s linkre kattintva b\u00e1rmely \u00e1ltalunk k\u00fcld\u00f6tt t\u00e1j\u00e9koztat\u00f3 vagy prom\u00f3ci\u00f3s e-mailben.<\/li>\n\n\n\n<li>Haszn\u00e1lja a Kapcsolat r\u00e9szleget, ha m\u00f3dos\u00edtani szeretn\u00e9 a feliratkoz\u00e1si, e-mail \u00e9s kapcsolattart\u00e1si be\u00e1ll\u00edt\u00e1sait, vagy ha k\u00e9rd\u00e9se van azzal kapcsolatban, hogy t\u00f6r\u00f6lj\u00fck-e nev\u00e9t a feliratkoz\u00e1si list\u00e1nkr\u00f3l.<\/li>\n\n\n\n<li>H\u00edvja \u00fcgyf\u00e9lszolg\u00e1latunkat a +39 0522 733411-es telefonsz\u00e1mon, vagy \u00edrjon e-mailt a SOEMarketingEurope@snapon.com c\u00edmre, ha k\u00e9rd\u00e9se van a kapcsolattart\u00e1si preferenci\u00e1k megv\u00e1ltoztat\u00e1s\u00e1val kapcsolatban, vagy ha seg\u00edts\u00e9gre van sz\u00fcks\u00e9ge ahhoz, hogy nev\u00e9t elt\u00e1vol\u00edtsuk a feliratkoz\u00e1si list\u00e1nkr\u00f3l.<\/li>\n<\/ul>\n\n\n\n<p><strong>12. Hogyan haszn\u00e1ljuk a s\u00fctiket?<\/strong><\/p>\n\n\n\n<ul class=\"wp-block-list\">\n<li>Mik azok a s\u00fctik: A s\u00fctik olyan kis sz\u00f6veges f\u00e1jlok, amelyeket az \u00d6n \u00e1ltal l\u00e1togatott weboldalak helyeznek el a sz\u00e1m\u00edt\u00f3g\u00e9p\u00e9n, \u00e9s amelyeket sz\u00e9les k\u00f6rben haszn\u00e1lnak a weboldalak m\u0171k\u00f6d\u00e9s\u00e9nek vagy hat\u00e9konyabb m\u0171k\u00f6d\u00e9s\u00e9nek el\u0151seg\u00edt\u00e9s\u00e9re.<\/li>\n\n\n\n<li>Ha marketing vagy h\u00edrlev\u00e9l e-maileket kap t\u0151l\u00fcnk, azokat a MailChimp nev\u0171 szolg\u00e1ltat\u00f3nkkal k\u00fcldj\u00fck. A MailChimp adatv\u00e9delmi t\u00e1j\u00e9koztat\u00f3ja itt tal\u00e1lhat\u00f3: https:\/\/mailchimp.com\/legal\/privacy\/. Az e szolg\u00e1ltat\u00e1sb\u00f3l \u00e9rkez\u0151 e-mailek nyomk\u00f6vet\u0151 pixeleket (m\u00e1s n\u00e9ven webjelz\u0151ket) tartalmazhatnak, hogy felismerj\u00fck, ha valaki megnyitotta \u0151ket, \u00e9s m\u00e9rni tudjuk a kamp\u00e1nyok siker\u00e9t. A MailChimp s\u00fctikre vonatkoz\u00f3 nyilatkozata itt tal\u00e1lhat\u00f3: https:\/\/mailchimp.com\/legal\/cookies\/.<\/li>\n\n\n\n<li><strong>Hogyan v\u00e1ltoztathatom meg a cookie-be\u00e1ll\u00edt\u00e1saimat:<\/strong>\n<ul class=\"wp-block-list\">\n<li>A legt\u00f6bb b\u00f6ng\u00e9sz\u0151 automatikusan elfogadja a s\u00fctiket. Megakad\u00e1lyozhatja azonban, hogy a cookie-kat a sz\u00e1m\u00edt\u00f3g\u00e9p\u00e9n vagy eszk\u00f6z\u00e9n t\u00e1rolj\u00e1k, ha a b\u00f6ng\u00e9sz\u0151j\u00e9t \u00fagy \u00e1ll\u00edtja be, hogy ne fogadja el a cookie-kat. Az erre vonatkoz\u00f3 pontos utas\u00edt\u00e1sokat a b\u00f6ng\u00e9sz\u0151 k\u00e9zik\u00f6nyv\u00e9ben tal\u00e1lja. A sz\u00e1m\u00edt\u00f3g\u00e9p\u00e9n vagy eszk\u00f6z\u00e9n m\u00e1r t\u00e1rolt cookie-kat b\u00e1rmikor t\u00f6r\u00f6lheti. Ha \u00fagy d\u00f6nt, hogy b\u00f6ng\u00e9sz\u0151je be\u00e1ll\u00edt\u00e1sait \u00fagy \u00e1ll\u00edtja be, hogy a cookie-kat ne fogadja el, akkor tov\u00e1bbra is l\u00e1togathatja weboldalunkat, alkalmaz\u00e1sainkat \u00e9s online szolg\u00e1ltat\u00e1sainkat, azonban ez befoly\u00e1solhatja webes szolg\u00e1ltat\u00e1saink, alkalmaz\u00e1saink \u00e9s online szolg\u00e1ltat\u00e1saink egyes r\u00e9szeinek haszn\u00e1lat\u00e1t, \u00e9s cs\u00f6kkentheti a weboldalunk, alkalmaz\u00e1saink \u00e9s online szolg\u00e1ltat\u00e1saink \u00e1ltal ny\u00fajtott szolg\u00e1ltat\u00e1sok el\u00e9rhet\u0151s\u00e9g\u00e9t.<\/li>\n\n\n\n<li>A Google Analytics \u00e1ltali nyomon k\u00f6vet\u00e9s le\u00e1ll\u00edt\u00e1s\u00e1hoz minden weboldalon l\u00e1togasson el a http:\/\/tools.google.com\/dlpage\/gaoptout weboldalra.<\/li>\n\n\n\n<li>A t\u00e1voli k\u00e9pek e-mail kamp\u00e1nyainkban val\u00f3 megjelen\u00edt\u00e9s\u00e9nek alap\u00e9rtelmezett blokkol\u00e1s\u00e1val letilthatja a nyomk\u00f6vet\u0151 pixelek megjelen\u00edt\u00e9s\u00e9t a levelez\u0151programban.<\/li>\n<\/ul>\n<\/li>\n\n\n\n<li>Hogyan haszn\u00e1lja ez a weboldal a s\u00fctiket: Az al\u00e1bbi t\u00e1bl\u00e1zat ismerteti, hogy milyen s\u00fctiket haszn\u00e1lunk \u00e9s mi\u00e9rt.CookieN\u00e9vC\u00e9lTov\u00e1bbi inform\u00e1ci\u00f3_iub_iubA cookie-k hozz\u00e1j\u00e1rul\u00e1si preferenci\u00e1inak t\u00e1rol\u00e1s\u00e1ra szolg\u00e1lLegal\u00e1bb egy munkamenet t\u00e1rol\u00e1sa_fbp_fbpA Facebook egy sor hirdet\u00e9si term\u00e9k, p\u00e9ld\u00e1ul harmadik f\u00e9l hirdet\u0151k val\u00f3s idej\u0171 licit\u00e1l\u00e1s\u00e1ra haszn\u00e1lja.3 h\u00f3nap t\u00e1rol\u00e1s_ga_gaEgyedi azonos\u00edt\u00f3t regisztr\u00e1l, amely statisztikai adatok el\u0151\u00e1ll\u00edt\u00e1s\u00e1ra szolg\u00e1l arr\u00f3l, hogy a l\u00e1togat\u00f3 hogyan haszn\u00e1lja a weboldalt.2 \u00e9v t\u00e1rol\u00e1sAz alapvet\u0151 cookie-k kiv\u00e9tel\u00e9vel minden cookie 2 \u00e9v ut\u00e1n lej\u00e1r.<\/li>\n<\/ul>\n\n\n\n<p><strong>13. Kihez fordulhatok a jelen Adatv\u00e9delmi ir\u00e1nyelvekkel vagy az alkalmazand\u00f3 adatv\u00e9delmi jogszab\u00e1lyokkal kapcsolatos agg\u00e1lyaimmal vagy k\u00e9rd\u00e9seimmel?<\/strong><\/p>\n\n\n\n<p>Ha agg\u00e1lyai vagy k\u00e9rd\u00e9sei vannak a jelen Adatv\u00e9delmi ir\u00e1nyelvekkel kapcsolatban, vagy \u00fagy v\u00e9li, hogy az alkalmazand\u00f3 adatv\u00e9delmi jogszab\u00e1lyok vagy a jelen ir\u00e1nyelvek nem ker\u00fcltek betart\u00e1sra, akkor az \u00fcgyet az Adatv\u00e9delmi vezet\u0151nknek kell felvetnie a DataProtectionManager@snapon.com c\u00edmen.<\/p>\n\n\n\n<p>Ha \u00d6n az Eur\u00f3pai Uni\u00f3 vagy az Eur\u00f3pai Gazdas\u00e1gi T\u00e9rs\u00e9g \u00e1llampolg\u00e1ra, b\u00e1rmikor panaszt tehet az adatv\u00e9delmi k\u00e9rd\u00e9sekben illet\u00e9kes fel\u00fcgyeleti hat\u00f3s\u00e1gn\u00e1l. Az Adatv\u00e9delmi vezet\u0151nk a felel\u0151s a GDPR-ral kapcsolatos minden bejelentett adatv\u00e9delmi probl\u00e9ma kezel\u00e9s\u00e9\u00e9rt, \u00e9s szeretn\u00e9nk lehet\u0151s\u00e9get kapni arra, hogy v\u00e1laszoljunk az \u00d6n agg\u00e1lyaira, miel\u0151tt a fel\u00fcgyeleti hat\u00f3s\u00e1ghoz fordulna, ez\u00e9rt k\u00e9rj\u00fck, forduljon b\u00e1tran hozz\u00e1nk a DataProtectionManager@snapon.com c\u00edmen.<\/p>\n\n\n\n<p><strong>14. A jelen adatv\u00e9delmi nyilatkozat m\u00f3dos\u00edt\u00e1sai<\/strong><\/p>\n\n\n\n<p>Fenntartjuk a jogot, hogy b\u00e1rmikor \u00e9s el\u0151zetes \u00e9rtes\u00edt\u00e9s n\u00e9lk\u00fcl m\u00f3dos\u00edtsuk a jelen Adatv\u00e9delmi politik\u00e1t, az \u00d6n \u00e9rtes\u00edt\u00e9s\u00e9re vagy beleegyez\u00e9s\u00e9nek megszerz\u00e9s\u00e9re vonatkoz\u00f3 jogi k\u00f6vetelm\u00e9nyekre is figyelemmel. Minden v\u00e1ltoz\u00e1st k\u00f6zz\u00e9tesz\u00fcnk a weboldalunkon, ez\u00e9rt k\u00e9rj\u00fck, rendszeresen ellen\u0151rizze az Adatv\u00e9delmi szab\u00e1lyzatunk legfrissebb v\u00e1ltozat\u00e1t. Ez a verzi\u00f3 a k\u00f6vetkez\u0151 d\u00e1tummal rendelkezik: 2022. augusztus.<\/p>\n\n\n\n<p><strong>15. Linkek<\/strong><\/p>\n\n\n\n<p>Ez az oldal m\u00e1s oldalakra mutat\u00f3 linkeket tartalmaz. K\u00e9rj\u00fck, vegye figyelembe, hogy nem vagyunk felel\u0151sek ezen oldalak tartalm\u00e1\u00e9rt vagy adatv\u00e9delmi gyakorlat\u00e1\u00e9rt, \u00e9s Adatv\u00e9delmi szab\u00e1lyzatunk nem vonatkozik az ezen oldalak \u00e1ltal \u00d6nt\u0151l gy\u0171jt\u00f6tt inform\u00e1ci\u00f3kra. Javasoljuk, hogy olvassa el minden olyan webhely adatv\u00e9delmi nyilatkozat\u00e1t, amely adatokat gy\u0171jt \u00d6nt\u0151l. Ha \u00d6n egy link seg\u00edts\u00e9g\u00e9vel elhagyja oldalunkat, hogy olyan oldalra l\u00e9pjen, amelyre nem vonatkozik az Adatv\u00e9delmi szab\u00e1lyzatunk, akkor egy \u00faj b\u00f6ng\u00e9sz\u0151ablak ny\u00edlik meg. Ha a webhely\u00fcnkkel val\u00f3 interakci\u00f3ja sz\u00fcks\u00e9gess\u00e9 teszi az adatainak elk\u00fcld\u00e9s\u00e9t egy olyan harmadik f\u00e9l webhely\u00e9re, amelyre nem vonatkozik az adatv\u00e9delmi szab\u00e1lyzatunk, egy\u00e9rtelm\u0171en t\u00e1j\u00e9koztatni fogjuk \u00d6nt, miel\u0151tt az adatait elk\u00fclden\u00e9nk.<\/p>\n<\/div><\/div>\n\n\n\n<p><\/p>\n","protected":false},"excerpt":{"rendered":"<p>ADATV\u00c9DELMI POLITIKA Az \u00d6n szem\u00e9lyes adatainak kezel\u0151je a Snap-on Equipment Srl. (Via Prov. Carpi, 33 42015 Correggio (RE) &#8211; ITALY C.F. 12490320152 &#8211; P.I. 01866820358), a Snap-on Incorporated v\u00e1llalatcsoport (&#8222;Snap-on Csoport&#8221;) r\u00e9sze. A Snap-on Equipment Srl-re (Via Prov. Carpi, 33 42015 Correggio (RE) &#8211; ITALY C.F. 12490320152 &#8211; P.I. 01866820358) a jelen adatv\u00e9delmi szab\u00e1lyzat &#8222;mi&#8221; [&hellip;]<\/p>\n","protected":false},"author":1,"featured_media":0,"parent":0,"menu_order":0,"comment_status":"closed","ping_status":"open","template":"","meta":{"footnotes":""},"class_list":["post-360","page","type-page","status-publish","hentry"],"_links":{"self":[{"href":"https:\/\/soe.snaponequipment.com\/hu\/wp-json\/wp\/v2\/pages\/360","targetHints":{"allow":["GET"]}}],"collection":[{"href":"https:\/\/soe.snaponequipment.com\/hu\/wp-json\/wp\/v2\/pages"}],"about":[{"href":"https:\/\/soe.snaponequipment.com\/hu\/wp-json\/wp\/v2\/types\/page"}],"author":[{"embeddable":true,"href":"https:\/\/soe.snaponequipment.com\/hu\/wp-json\/wp\/v2\/users\/1"}],"replies":[{"embeddable":true,"href":"https:\/\/soe.snaponequipment.com\/hu\/wp-json\/wp\/v2\/comments?post=360"}],"version-history":[{"count":1,"href":"https:\/\/soe.snaponequipment.com\/hu\/wp-json\/wp\/v2\/pages\/360\/revisions"}],"predecessor-version":[{"id":1829,"href":"https:\/\/soe.snaponequipment.com\/hu\/wp-json\/wp\/v2\/pages\/360\/revisions\/1829"}],"wp:attachment":[{"href":"https:\/\/soe.snaponequipment.com\/hu\/wp-json\/wp\/v2\/media?parent=360"}],"curies":[{"name":"wp","href":"https:\/\/api.w.org\/{rel}","templated":true}]}}