{"id":330,"date":"2025-10-24T18:53:00","date_gmt":"2025-10-24T18:53:00","guid":{"rendered":"https:\/\/soe.snaponequipment.com\/careers\/"},"modified":"2025-11-03T20:58:27","modified_gmt":"2025-11-03T20:58:27","slug":"karriarer","status":"publish","type":"page","link":"https:\/\/soe.snaponequipment.com\/sv\/karriarer\/","title":{"rendered":"Careers"},"content":{"rendered":"\n<div class=\"wp-block-group content-inner1200\"><div class=\"wp-block-group__inner-container is-layout-constrained wp-block-group-is-layout-constrained\">\n<h1 class=\"wp-block-heading h1line\">Karri\u00e4rer<\/h1>\n\n\n\n<p>Snap-on Equipment \u00e4r k\u00e4nt f\u00f6r sina h\u00f6gkvalitativa produkter och vi \u00e4r v\u00e4l medvetna om att det \u00e4r passionen hos v\u00e5ra medarbetare som g\u00f6r oss till den globala ledare vi \u00e4r. Vi letar alltid efter nya medarbetare &#8211; kandidater som delar v\u00e5ra v\u00e4rderingar. Vi \u00e4r stolta \u00f6ver v\u00e5rt arbete, har integritet och en positiv attityd. Vi \u00e4r p\u00e5litliga och respektfulla, har en stark samarbetsf\u00f6rm\u00e5ga och en vilja att l\u00e4ra oss, f\u00f6rb\u00e4ttra oss och att lyckas. Med v\u00e5ra professionella och stolta medarbetare skapar vi utveckling och v\u00e4rde. Vi v\u00e4xer tillsammans. Vi lyckas tillsammans. Och tillsammans utg\u00f6r vi Team Snap-on.<\/p>\n\n\n\n<h2 class=\"wp-block-heading\">FRAMG\u00c5NGSHISTORIER<\/h2>\n\n\n\n<div class=\"wp-block-group portfolio-iteml\"><div class=\"wp-block-group__inner-container is-layout-constrained wp-block-group-is-layout-constrained\">\n<div class=\"wp-block-group portfolio-imagel\"><div class=\"wp-block-group__inner-container is-layout-constrained wp-block-group-is-layout-constrained\">\n<figure class=\"wp-block-image size-full img100\"><img loading=\"lazy\" decoding=\"async\" width=\"315\" height=\"400\" src=\"https:\/\/soe.snaponequipment.com\/wp-content\/uploads\/anny.jpg\" alt=\"\" class=\"wp-image-203\"\/><\/figure>\n<\/div><\/div>\n\n\n\n<div class=\"wp-block-group portfolio-descl\"><div class=\"wp-block-group__inner-container is-layout-constrained wp-block-group-is-layout-constrained\">\n<p style=\"font-size:25px\"><strong>Design Engineer<\/strong><\/p>\n\n\n\n<p>N\u00e4r jag b\u00f6rjade p\u00e5 Snap-on f\u00f6r ca 10 \u00e5r sen kunde jag aldrig ha f\u00f6rest\u00e4llt mig den otroliga resa som l\u00e5g framf\u00f6r mig. Under \u00e5ren har jag haft f\u00f6rm\u00e5nen att arbeta i Brasilien, Italien och Sverige och samarbeta med fantastiska m\u00e4nniskor fr\u00e5n olika delar av v\u00e4rlden, vilket har berikat b\u00e5de mitt personliga och yrkesm\u00e4ssiga liv. Nu n\u00e4r jag \u00e4r i USA \u00e4r jag fast besluten om att forts\u00e4tta l\u00e4ra, utmanas och driva f\u00f6r\u00e4ndring, f\u00f6r p\u00e5 Snap-on \u00e4r vi inte bara med om f\u00f6r\u00e4ndring &#8211; vi skapar f\u00f6r\u00e4ndring.<\/p>\n\n\n\n<div style=\"height:1px\" aria-hidden=\"true\" class=\"wp-block-spacer\"><\/div>\n<\/div><\/div>\n<\/div><\/div>\n\n\n\n<div class=\"wp-block-group portfolio-itemr\"><div class=\"wp-block-group__inner-container is-layout-constrained wp-block-group-is-layout-constrained\">\n<div class=\"wp-block-group portfolio-imager\"><div class=\"wp-block-group__inner-container is-layout-constrained wp-block-group-is-layout-constrained\">\n<figure class=\"wp-block-image size-full img100\"><img loading=\"lazy\" decoding=\"async\" width=\"315\" height=\"401\" src=\"https:\/\/soe.snaponequipment.com\/wp-content\/uploads\/success-1r.jpg\" alt=\"\" class=\"wp-image-238\"\/><\/figure>\n<\/div><\/div>\n\n\n\n<div class=\"wp-block-group portfolio-descr\"><div class=\"wp-block-group__inner-container is-layout-constrained wp-block-group-is-layout-constrained\">\n<p style=\"font-size:25px\"><strong>Line Lead<\/strong><\/p>\n\n\n\n<p>Jag har arbetat f\u00f6r Snap-on i 11 \u00e5r och \u00e4r f\u00f6r n\u00e4rvarande ansvarig f\u00f6r ADAS-monteringslinjen. Jag ser till att monteringen av v\u00e5ra produkter g\u00e5r smidigt, men jag utf\u00f6r ocks\u00e5 slutkontroller f\u00f6r att ge v\u00e5ra kunder kvalitetsprodukter. Det b\u00e4sta med att arbeta f\u00f6r Snap-on \u00e4r den familj\u00e4ra atmosf\u00e4ren d\u00e4r vi firar v\u00e5ra framg\u00e5ngar.<\/p>\n\n\n\n<p>Mitt team \u00e4r stolt \u00f6ver den utrustning vi bygger varje dag, eftersom vi vet att v\u00e5r utrustning anv\u00e4nds \u00f6ver hela v\u00e4rlden i fordon f\u00f6r att korrigera en sensor eller kamera som skyddar n\u00e5gon. Att producera nya produkter f\u00f6r John Bean-m\u00e4rket g\u00f6r att jag ser fram emot framtiden.<\/p>\n\n\n\n<div style=\"height:1px\" aria-hidden=\"true\" class=\"wp-block-spacer\"><\/div>\n<\/div><\/div>\n<\/div><\/div>\n\n\n\n<div class=\"wp-block-group portfolio-iteml\"><div class=\"wp-block-group__inner-container is-layout-constrained wp-block-group-is-layout-constrained\">\n<div class=\"wp-block-group portfolio-imagel\"><div class=\"wp-block-group__inner-container is-layout-constrained wp-block-group-is-layout-constrained\">\n<figure class=\"wp-block-image size-full img100\"><img loading=\"lazy\" decoding=\"async\" width=\"315\" height=\"401\" src=\"https:\/\/soe.snaponequipment.com\/wp-content\/uploads\/success-3r.jpg\" alt=\"\" class=\"wp-image-244\"\/><\/figure>\n<\/div><\/div>\n\n\n\n<div class=\"wp-block-group portfolio-descl\"><div class=\"wp-block-group__inner-container is-layout-constrained wp-block-group-is-layout-constrained\">\n<p style=\"font-size:25px\"><strong>Marketing Communications Supervisor<\/strong><\/p>\n\n\n\n<p>Det k\u00e4nns bra att vara en del av en bransch som bidrar till att h\u00e5lla v\u00e4rlden i r\u00f6relse. Snap-on&#8217;s starka varum\u00e4rke och anm\u00e4rkningsv\u00e4rda historia \u00f6kar min passion f\u00f6r den roll jag spelar f\u00f6r att se till att vi uppr\u00e4tth\u00e5ller och underh\u00e5ller v\u00e4rdet av v\u00e5rt f\u00f6retag och dess fortsatta bidrag till v\u00e5rt samh\u00e4lle.<\/p>\n\n\n\n<p>Det \u00e4r inte f\u00f6rv\u00e5nande att m\u00e5nga familjer har mer \u00e4n en medlem i Snap-on-teamet. Det \u00f6verraskade mig verkligen n\u00e4r min f\u00f6rstf\u00f6dde best\u00e4mde sig f\u00f6r att hans f\u00f6rsta jobb efter svetsarskolan skulle vara p\u00e5 Snap-on, och jag kunde inte ha blivit gladare \u00e4n n\u00e4r han best\u00e4mde sig f\u00f6r att uppn\u00e5 det m\u00e5let sj\u00e4lv. Nu f\u00f6rs\u00f6rjer han sig sj\u00e4lv, b\u00f6rjar sin karri\u00e4r i Louisville, KY, och hj\u00e4lper till att bygga samma utrustning som jag st\u00f6der med marknadsf\u00f6ringsinneh\u00e5ll.<\/p>\n\n\n\n<div style=\"height:1px\" aria-hidden=\"true\" class=\"wp-block-spacer\"><\/div>\n<\/div><\/div>\n<\/div><\/div>\n\n\n\n<div class=\"wp-block-group portfolio-itemr\"><div class=\"wp-block-group__inner-container is-layout-constrained wp-block-group-is-layout-constrained\">\n<div class=\"wp-block-group portfolio-imager\"><div class=\"wp-block-group__inner-container is-layout-constrained wp-block-group-is-layout-constrained\">\n<figure class=\"wp-block-image size-full img100\"><img loading=\"lazy\" decoding=\"async\" width=\"315\" height=\"401\" src=\"https:\/\/soe.snaponequipment.com\/wp-content\/uploads\/success-4r.jpg\" alt=\"\" class=\"wp-image-245\"\/><\/figure>\n<\/div><\/div>\n\n\n\n<div class=\"wp-block-group portfolio-descr\"><div class=\"wp-block-group__inner-container is-layout-constrained wp-block-group-is-layout-constrained\">\n<p style=\"font-size:25px\"><strong>Quality Control Supervisor<\/strong><\/p>\n\n\n\n<p>Jag emigrerade fr\u00e5n Argentina p\u00e5 90-talet under mitt lands ekonomiska kris. Liksom m\u00e5nga andra gick jag f\u00f6rst via ett arbetsf\u00f6rmedlingskontor som vikarie innan jag anst\u00e4lldes p\u00e5 heltid av Snap-on. Jag tog mitt diplom i elektronik p\u00e5 den lokala gymnasieskolan samtidigt som jag arbetade p\u00e5 Snap-on &#8211; jag blev till och med befordrad till arbetsledare f\u00f6r monteringslinjen! I dag har jag fortfarande en l\u00e5ngvarig \u00f6nskan att f\u00f6rb\u00e4ttra mig sj\u00e4lv och studerar till ingenj\u00f6r.<\/p>\n\n\n\n<p>N\u00e4r en medarbetare med mer \u00e4n 42 \u00e5rs erfarenhet beslutade att g\u00e5 i pension visste jag att han skulle l\u00e4mna stora skor att fylla, men jag tog hans plats \u00e4nd\u00e5. Han betraktades som en pelare p\u00e5 verkstadsgolvet, s\u00e5 jag arbetar h\u00e5rt varje dag f\u00f6r att leva upp till hans arv och f\u00f6r att vara ett f\u00f6red\u00f6me f\u00f6r min 11-\u00e5riga son.<\/p>\n\n\n\n<p>Efter 18 \u00e5rs anst\u00e4llning, i september 2022, forts\u00e4tter jag min karri\u00e4r hos Snap-on, f\u00f6r n\u00e4rvarande som samordnare f\u00f6r h\u00e4lsa och s\u00e4kerhet, och uppfyller min dr\u00f6m om att arbeta inom detta omr\u00e5de. Jag hoppas att mitt nya jobb kommer att ha en positiv inverkan p\u00e5 allas s\u00e4kerhet p\u00e5 arbetsplatsen.<\/p>\n\n\n\n<div style=\"height:1px\" aria-hidden=\"true\" class=\"wp-block-spacer\"><\/div>\n<\/div><\/div>\n<\/div><\/div>\n\n\n\n<h2 class=\"wp-block-heading\">EN FANTASTISK ARBETSPLATS<\/h2>\n\n\n\n<p>Eftersom vi v\u00e4rldsledande leverant\u00f6r av utrustning f\u00f6r skade- och serviceverkst\u00e4der kommer du att vara med och fr\u00e4mja f\u00f6rm\u00e5gan att reparera och f\u00f6rb\u00e4ttra arbetsmilj\u00f6n f\u00f6r yrkesverksamma \u00f6ver hela v\u00e4rlden som anv\u00e4nder v\u00e5ra produkter i v\u00e5ra kunders verksamhet. Genom att arbeta hos oss p\u00e5 Snap-on Equipment bidrar du till \u00f6kad h\u00e5llbarhet. Du kommer att f\u00e5 m\u00f6jlighet att arbeta med produkter som vi \u00e4r mycket stolta \u00f6ver, d\u00e5 de \u00e4r godk\u00e4nda av experter som den absolut h\u00f6gsta kvalitet som finns tillg\u00e4nglig \u00f6ver hela v\u00e4rlden.<\/p>\n\n\n\n<p>Snap-on Equipment str\u00e4var hela tiden efter att vara en attraktiv arbetsgivare. F\u00f6retagskulturen p\u00e5 Snap-on uppmuntrar respektfulla och \u00e4rliga relationer, laganda, \u00f6ppenhet, kundfokus och innovation. Tillsammans med v\u00e5ra \u00f6vertygelser har vi en kompromissl\u00f6s syn p\u00e5 s\u00e4kerhet, kvalitet och kontinuerlig f\u00f6rb\u00e4ttring av v\u00e5r verksamhet, v\u00e5ra produkter och v\u00e5r personal. Vi har alltid olika utvecklingsprogram i flera delar av v\u00e5rt f\u00f6retag.<\/p>\n\n\n\n<p class=\"has-text-align-center\"><strong>Vi st\u00e5r f\u00f6r<\/strong><br>Mission<br>V\u00e4rldens mest uppskattade l\u00f6sningar f\u00f6r h\u00f6g produktivitet<\/p>\n\n\n\n<div class=\"wp-block-columns is-layout-flex wp-container-core-columns-is-layout-9d6595d7 wp-block-columns-is-layout-flex\">\n<div class=\"wp-block-column is-layout-flow wp-block-column-is-layout-flow\">\n<h3 class=\"wp-block-heading\">\u00d6vertygelse<\/h3>\n\n\n\n<ul class=\"wp-block-list\">\n<li>Vi har en stark tro p\u00e5:<\/li>\n\n\n\n<li>Icke f\u00f6rhandlingsbar s\u00e4kerhet i produkter och p\u00e5 arbetsplatser<\/li>\n\n\n\n<li>Kompromissl\u00f6s kvalitet ;<\/li>\n\n\n\n<li>Passionerad kundservice<\/li>\n\n\n\n<li>Dj\u00e4rva innovationer<\/li>\n\n\n\n<li>Snabba kontinuerliga f\u00f6rb\u00e4ttringar<\/li>\n<\/ul>\n<\/div>\n\n\n\n<div class=\"wp-block-column is-layout-flow wp-block-column-is-layout-flow\">\n<h3 class=\"wp-block-heading\">V\u00e4rdegrund<\/h3>\n\n\n\n<ul class=\"wp-block-list\">\n<li>V\u00e5r v\u00e4rdegrund ligger bakom v\u00e5ra framg\u00e5ngar:<\/li>\n\n\n\n<li>Vi h\u00e5ller h\u00e5rt p\u00e5 integriteten.<\/li>\n\n\n\n<li>Vi ber\u00e4ttar sanningen.<\/li>\n\n\n\n<li>Vi respekterar individen.<\/li>\n\n\n\n<li>Vi uppmuntrar lagarbete.<\/li>\n\n\n\n<li>Vi lyssnar.<\/li>\n<\/ul>\n<\/div>\n\n\n\n<div class=\"wp-block-column is-layout-flow wp-block-column-is-layout-flow\">\n<h3 class=\"wp-block-heading\">Vision<\/h3>\n\n\n\n<ul class=\"wp-block-list\">\n<li>Att erk\u00e4nnas som:<\/li>\n\n\n\n<li>F\u00f6rstahandsvalet bland Tillverkare<\/li>\n\n\n\n<li>F\u00f6rstahandsvalet som Arbetsgivare<\/li>\n\n\n\n<li>F\u00f6rstahandsvalet f\u00f6r Franchisetagare<\/li>\n\n\n\n<li>F\u00f6rstahandsvalet som Aff\u00e4rspartner<\/li>\n\n\n\n<li>F\u00f6rstahandsvalet f\u00f6r lnvesterare<\/li>\n<\/ul>\n<\/div>\n<\/div>\n\n\n\n<h1 class=\"wp-block-heading has-text-align-center\"><strong>Vi uppdaterar v\u00e5r karri\u00e4rportal.<\/strong><\/h1>\n\n\n\n<h1 class=\"wp-block-heading has-text-align-center\"><strong>Nytt ans\u00f6kningssystem kommer snart.<\/strong><\/h1>\n<\/div><\/div>\n","protected":false},"excerpt":{"rendered":"<p>Karri\u00e4rer Snap-on Equipment \u00e4r k\u00e4nt f\u00f6r sina h\u00f6gkvalitativa produkter och vi \u00e4r v\u00e4l medvetna om att det \u00e4r passionen hos v\u00e5ra medarbetare som g\u00f6r oss till den globala ledare vi \u00e4r. Vi letar alltid efter nya medarbetare &#8211; kandidater som delar v\u00e5ra v\u00e4rderingar. Vi \u00e4r stolta \u00f6ver v\u00e5rt arbete, har integritet och en positiv attityd. [&hellip;]<\/p>\n","protected":false},"author":1,"featured_media":0,"parent":0,"menu_order":0,"comment_status":"closed","ping_status":"closed","template":"","meta":{"footnotes":""},"class_list":["post-330","page","type-page","status-publish","hentry"],"_links":{"self":[{"href":"https:\/\/soe.snaponequipment.com\/sv\/wp-json\/wp\/v2\/pages\/330","targetHints":{"allow":["GET"]}}],"collection":[{"href":"https:\/\/soe.snaponequipment.com\/sv\/wp-json\/wp\/v2\/pages"}],"about":[{"href":"https:\/\/soe.snaponequipment.com\/sv\/wp-json\/wp\/v2\/types\/page"}],"author":[{"embeddable":true,"href":"https:\/\/soe.snaponequipment.com\/sv\/wp-json\/wp\/v2\/users\/1"}],"replies":[{"embeddable":true,"href":"https:\/\/soe.snaponequipment.com\/sv\/wp-json\/wp\/v2\/comments?post=330"}],"version-history":[{"count":1,"href":"https:\/\/soe.snaponequipment.com\/sv\/wp-json\/wp\/v2\/pages\/330\/revisions"}],"predecessor-version":[{"id":1856,"href":"https:\/\/soe.snaponequipment.com\/sv\/wp-json\/wp\/v2\/pages\/330\/revisions\/1856"}],"wp:attachment":[{"href":"https:\/\/soe.snaponequipment.com\/sv\/wp-json\/wp\/v2\/media?parent=330"}],"curies":[{"name":"wp","href":"https:\/\/api.w.org\/{rel}","templated":true}]}}